{"id":14547,"date":"2024-04-11T16:57:00","date_gmt":"2024-04-11T14:57:00","guid":{"rendered":"https:\/\/baxcompany.com\/case\/transformation-der-mobilitaet-in-unterversorgten-laendlichen-gebieten-mit-intelligenten-verkehrssystemen-und-neuer-politik\/"},"modified":"2025-01-08T09:43:16","modified_gmt":"2025-01-08T08:43:16","slug":"transformation-der-mobilitaet-in-unterversorgten-laendlichen-gebieten-mit-intelligenten-verkehrssystemen-und-neuer-politik","status":"publish","type":"case","link":"https:\/\/baxcompany.com\/de\/case\/transformation-der-mobilitaet-in-unterversorgten-laendlichen-gebieten-mit-intelligenten-verkehrssystemen-und-neuer-politik\/","title":{"rendered":"Transformation der Mobilit\u00e4t in unterversorgten l\u00e4ndlichen Gebieten mit intelligenten Verkehrssystemen und neuer Politik"},"content":{"rendered":"\t\t<div data-elementor-type=\"wp-post\" data-elementor-id=\"14547\" class=\"elementor elementor-14547 elementor-13832\" data-elementor-post-type=\"case\">\n\t\t\t\t<div class=\"elementor-element elementor-element-4e7e1358 e-flex e-con-boxed e-con e-parent\" data-id=\"4e7e1358\" data-element_type=\"container\" data-e-type=\"container\">\n\t\t\t\t\t<div class=\"e-con-inner\">\n\t\t\t\t<div class=\"elementor-element elementor-element-303775ae elementor-widget elementor-widget-text-editor\" data-id=\"303775ae\" data-element_type=\"widget\" data-e-type=\"widget\" data-widget_type=\"text-editor.default\">\n\t\t\t\t<div class=\"elementor-widget-container\">\n\t\t\t\t\t\t\t\t\t<h4><strong>Kunden:<\/strong> Provinz Overijssel, Amt f\u00fcr regionale Entwicklung Leine- und Weserregion, St\u00e4dtische Verkehrsbeh\u00f6rde Barcelona, Kommune Viimsi, Bezirk Kalmar, Kommune Ho\u010de-Slivnica, St\u00e4dtische Verkehrsbeh\u00f6rde Lissabon<\/h4>\n<h4><b>Datum: <\/b>April 2024 &#8211; M\u00e4rz 2027<\/h4>\n<h4><b>Standort:<\/b> Europaweit<\/h4>\n\t\t\t\t\t\t\t\t<\/div>\n\t\t\t\t<\/div>\n\t\t\t\t\t<\/div>\n\t\t\t\t<\/div>\n\t\t<div class=\"elementor-element elementor-element-1e9fec17 e-flex e-con-boxed e-con e-parent\" data-id=\"1e9fec17\" data-element_type=\"container\" data-e-type=\"container\">\n\t\t\t\t\t<div class=\"e-con-inner\">\n\t\t\t\t<div class=\"elementor-element elementor-element-5e2f3e70 elementor-widget elementor-widget-text-editor\" data-id=\"5e2f3e70\" data-element_type=\"widget\" data-e-type=\"widget\" data-widget_type=\"text-editor.default\">\n\t\t\t\t<div class=\"elementor-widget-container\">\n\t\t\t\t\t\t\t\t\t<p>Bax unterst\u00fctzt eine Partnerschaft von sieben \u00f6ffentlichen Verkehrsbeh\u00f6rden und St\u00e4dten, um den \u00f6ffentlichen Nahverkehr f\u00fcr die 129 Millionen EU-B\u00fcrger, die in l\u00e4ndlichen Gebieten leben, zu verbessern. Unter der Leitung der Provinz Overijssel wird die Partnerschaft eine regionale Verkehrspolitik f\u00fcr den l\u00e4ndlichen Raum umsetzen und verbessern. Dabei werden bew\u00e4hrte Verfahren aus ganz Europa in den Bereichen Governance, Finanzierung, Einbindung von Interessengruppen und Unterst\u00fctzung der Endnutzer eingesetzt. <\/p>\n\t\t\t\t\t\t\t\t<\/div>\n\t\t\t\t<\/div>\n\t\t\t\t\t<\/div>\n\t\t\t\t<\/div>\n\t\t<div data-dce-background-color=\"#F2F2F2\" class=\"elementor-element elementor-element-46a245c1 e-flex e-con-boxed e-con e-parent\" data-id=\"46a245c1\" data-element_type=\"container\" data-e-type=\"container\" data-settings=\"{&quot;background_background&quot;:&quot;classic&quot;}\">\n\t\t\t\t\t<div class=\"e-con-inner\">\n\t\t<div class=\"elementor-element elementor-element-2d5ebf25 e-con-full e-flex e-con e-child\" data-id=\"2d5ebf25\" data-element_type=\"container\" data-e-type=\"container\">\n\t\t<div class=\"elementor-element elementor-element-7830f3d8 e-con-full e-flex e-con e-child\" data-id=\"7830f3d8\" data-element_type=\"container\" data-e-type=\"container\">\n\t\t\t\t<div class=\"elementor-element elementor-element-4322cfda elementor-widget elementor-widget-text-editor\" data-id=\"4322cfda\" data-element_type=\"widget\" data-e-type=\"widget\" data-widget_type=\"text-editor.default\">\n\t\t\t\t<div class=\"elementor-widget-container\">\n\t\t\t\t\t\t\t\t\t<p>Herausforderung<\/p>\n\t\t\t\t\t\t\t\t<\/div>\n\t\t\t\t<\/div>\n\t\t\t\t<div class=\"elementor-element elementor-element-38e8ab5d elementor-widget elementor-widget-text-editor\" data-id=\"38e8ab5d\" data-element_type=\"widget\" data-e-type=\"widget\" data-widget_type=\"text-editor.default\">\n\t\t\t\t<div class=\"elementor-widget-container\">\n\t\t\t\t\t\t\t\t\t<p><span style=\"font-weight: 400;\">129 Millionen Europ\u00e4er, die in l\u00e4ndlichen Gebieten leben, sind zunehmend in &#8222;Transportw\u00fcsten&#8220; gestrandet. Steigende Kosten f\u00fchren zu unzureichenden \u00f6ffentlichen Verkehrsmitteln und einer Abh\u00e4ngigkeit von privaten Fahrzeugen. F\u00fcr gef\u00e4hrdete Gruppen wie \u00e4ltere Menschen, Behinderte oder wirtschaftlich Benachteiligte f\u00fchrt dies zu sozialer und wirtschaftlicher Ausgrenzung, da sie Schwierigkeiten haben, zum Einkaufen oder zum Arzt zu gelangen.   <\/span><\/p>\n\t\t\t\t\t\t\t\t<\/div>\n\t\t\t\t<\/div>\n\t\t\t\t<\/div>\n\t\t<div class=\"elementor-element elementor-element-2e839e2a e-con-full e-flex e-con e-child\" data-id=\"2e839e2a\" data-element_type=\"container\" data-e-type=\"container\">\n\t\t\t\t<div class=\"elementor-element elementor-element-34dcfea6 dce_masking-none elementor-widget elementor-widget-image\" data-id=\"34dcfea6\" data-element_type=\"widget\" data-e-type=\"widget\" data-widget_type=\"image.default\">\n\t\t\t\t<div class=\"elementor-widget-container\">\n\t\t\t\t\t\t\t\t\t\t\t\t\t\t\t<img fetchpriority=\"high\" decoding=\"async\" width=\"2119\" height=\"1414\" src=\"https:\/\/baxcompany.com\/wp-content\/uploads\/2024\/12\/iStock-1404853164.jpg\" class=\"attachment-full size-full wp-image-13879\" alt=\"\" srcset=\"https:\/\/baxcompany.com\/wp-content\/uploads\/2024\/12\/iStock-1404853164.jpg 2119w, https:\/\/baxcompany.com\/wp-content\/uploads\/2024\/12\/iStock-1404853164-300x200.jpg 300w, https:\/\/baxcompany.com\/wp-content\/uploads\/2024\/12\/iStock-1404853164-1024x683.jpg 1024w, https:\/\/baxcompany.com\/wp-content\/uploads\/2024\/12\/iStock-1404853164-768x512.jpg 768w, https:\/\/baxcompany.com\/wp-content\/uploads\/2024\/12\/iStock-1404853164-1536x1025.jpg 1536w, https:\/\/baxcompany.com\/wp-content\/uploads\/2024\/12\/iStock-1404853164-2048x1367.jpg 2048w\" sizes=\"(max-width: 2119px) 100vw, 2119px\" \/>\t\t\t\t\t\t\t\t\t\t\t\t\t\t\t<\/div>\n\t\t\t\t<\/div>\n\t\t\t\t<\/div>\n\t\t\t\t<\/div>\n\t\t<div class=\"elementor-element elementor-element-2802646e e-con-full e-flex e-con e-child\" data-id=\"2802646e\" data-element_type=\"container\" data-e-type=\"container\">\n\t\t<div class=\"elementor-element elementor-element-27a592d9 e-con-full e-flex e-con e-child\" data-id=\"27a592d9\" data-element_type=\"container\" data-e-type=\"container\">\n\t\t\t\t<div class=\"elementor-element elementor-element-59075998 dce_masking-none elementor-widget elementor-widget-image\" data-id=\"59075998\" data-element_type=\"widget\" data-e-type=\"widget\" data-widget_type=\"image.default\">\n\t\t\t\t<div class=\"elementor-widget-container\">\n\t\t\t\t\t\t\t\t\t\t\t\t\t\t\t<img decoding=\"async\" width=\"2121\" height=\"1414\" src=\"https:\/\/baxcompany.com\/wp-content\/uploads\/2024\/12\/Approach-1.jpg\" class=\"attachment-full size-full wp-image-13836\" alt=\"\" srcset=\"https:\/\/baxcompany.com\/wp-content\/uploads\/2024\/12\/Approach-1.jpg 2121w, https:\/\/baxcompany.com\/wp-content\/uploads\/2024\/12\/Approach-1-300x200.jpg 300w, https:\/\/baxcompany.com\/wp-content\/uploads\/2024\/12\/Approach-1-1024x683.jpg 1024w, https:\/\/baxcompany.com\/wp-content\/uploads\/2024\/12\/Approach-1-768x512.jpg 768w, https:\/\/baxcompany.com\/wp-content\/uploads\/2024\/12\/Approach-1-1536x1024.jpg 1536w, https:\/\/baxcompany.com\/wp-content\/uploads\/2024\/12\/Approach-1-2048x1365.jpg 2048w\" sizes=\"(max-width: 2121px) 100vw, 2121px\" \/>\t\t\t\t\t\t\t\t\t\t\t\t\t\t\t<\/div>\n\t\t\t\t<\/div>\n\t\t\t\t<\/div>\n\t\t<div class=\"elementor-element elementor-element-3bd016ad e-con-full e-flex e-con e-child\" data-id=\"3bd016ad\" data-element_type=\"container\" data-e-type=\"container\">\n\t\t\t\t<div class=\"elementor-element elementor-element-1d3a2b03 elementor-widget elementor-widget-text-editor\" data-id=\"1d3a2b03\" data-element_type=\"widget\" data-e-type=\"widget\" data-widget_type=\"text-editor.default\">\n\t\t\t\t<div class=\"elementor-widget-container\">\n\t\t\t\t\t\t\t\t\t<p>Ann\u00e4herung<\/p>\n\t\t\t\t\t\t\t\t<\/div>\n\t\t\t\t<\/div>\n\t\t\t\t<div class=\"elementor-element elementor-element-178e3b6a elementor-widget elementor-widget-text-editor\" data-id=\"178e3b6a\" data-element_type=\"widget\" data-e-type=\"widget\" data-widget_type=\"text-editor.default\">\n\t\t\t\t<div class=\"elementor-widget-container\">\n\t\t\t\t\t\t\t\t\t<p><span style=\"font-weight: 400;\">Mit der von Bax \u00fcber <a href=\"https:\/\/www.interregeurope.eu\/rural-mobility\">Interreg Europe<\/a> gesicherten Finanzierung wird die Partnerschaft die aktuelle Politik analysieren, einen standardisierten Rahmen f\u00fcr die Mobilit\u00e4t im l\u00e4ndlichen Raum entwickeln und politische Instrumente schaffen, die es den Beh\u00f6rden erm\u00f6glichen, bedarfsgerechten Verkehr, Mitfahrgelegenheiten und MaaS in ihre bestehenden Dienstleistungen zu integrieren.  <\/span><\/p>\n\t\t\t\t\t\t\t\t<\/div>\n\t\t\t\t<\/div>\n\t\t\t\t<\/div>\n\t\t\t\t<\/div>\n\t\t<div class=\"elementor-element elementor-element-1f9da83e e-con-full e-flex e-con e-child\" data-id=\"1f9da83e\" data-element_type=\"container\" data-e-type=\"container\">\n\t\t<div class=\"elementor-element elementor-element-4b3a6b72 e-con-full e-flex e-con e-child\" data-id=\"4b3a6b72\" data-element_type=\"container\" data-e-type=\"container\">\n\t\t\t\t<div class=\"elementor-element elementor-element-45a769bf elementor-widget elementor-widget-text-editor\" data-id=\"45a769bf\" data-element_type=\"widget\" data-e-type=\"widget\" data-widget_type=\"text-editor.default\">\n\t\t\t\t<div class=\"elementor-widget-container\">\n\t\t\t\t\t\t\t\t\t<p>Auswirkungen<\/p>\n\t\t\t\t\t\t\t\t<\/div>\n\t\t\t\t<\/div>\n\t\t\t\t<\/div>\n\t\t\t\t<\/div>\n\t\t<div class=\"elementor-element elementor-element-1f195ddb e-flex e-con-boxed e-con e-child\" data-id=\"1f195ddb\" data-element_type=\"container\" data-e-type=\"container\">\n\t\t\t\t\t<div class=\"e-con-inner\">\n\t\t<div class=\"elementor-element elementor-element-6b14448d e-con-full e-flex e-con e-child\" data-id=\"6b14448d\" data-element_type=\"container\" data-e-type=\"container\">\n\t\t\t\t<div class=\"elementor-element elementor-element-17bf5e6c elementor-widget elementor-widget-counter\" data-id=\"17bf5e6c\" data-element_type=\"widget\" data-e-type=\"widget\" data-widget_type=\"counter.default\">\n\t\t\t\t<div class=\"elementor-widget-container\">\n\t\t\t\t\t\t\t<div class=\"elementor-counter\">\n\t\t\t<div class=\"elementor-counter-title\">mobilisiert von Bax \u00fcber Interreg Europe<\/div>\t\t\t<div class=\"elementor-counter-number-wrapper\">\n\t\t\t\t<span class=\"elementor-counter-number-prefix\">\u20ac<\/span>\n\t\t\t\t<span class=\"elementor-counter-number\" data-duration=\"2000\" data-to-value=\"1.7\" data-from-value=\"0\">0<\/span>\n\t\t\t\t<span class=\"elementor-counter-number-suffix\">M<\/span>\n\t\t\t<\/div>\n\t\t<\/div>\n\t\t\t\t\t\t<\/div>\n\t\t\t\t<\/div>\n\t\t\t\t<\/div>\n\t\t<div class=\"elementor-element elementor-element-4ee82fe2 e-con-full e-flex e-con e-child\" data-id=\"4ee82fe2\" data-element_type=\"container\" data-e-type=\"container\">\n\t\t\t\t<div class=\"elementor-element elementor-element-1486ca86 elementor-widget elementor-widget-counter\" data-id=\"1486ca86\" data-element_type=\"widget\" data-e-type=\"widget\" data-widget_type=\"counter.default\">\n\t\t\t\t<div class=\"elementor-widget-container\">\n\t\t\t\t\t\t\t<div class=\"elementor-counter\">\n\t\t\t<div class=\"elementor-counter-title\">neue Ma\u00dfnahmenpakete entwickelt<\/div>\t\t\t<div class=\"elementor-counter-number-wrapper\">\n\t\t\t\t<span class=\"elementor-counter-number-prefix\"><\/span>\n\t\t\t\t<span class=\"elementor-counter-number\" data-duration=\"2000\" data-to-value=\"7\" data-from-value=\"0\">0<\/span>\n\t\t\t\t<span class=\"elementor-counter-number-suffix\"><\/span>\n\t\t\t<\/div>\n\t\t<\/div>\n\t\t\t\t\t\t<\/div>\n\t\t\t\t<\/div>\n\t\t\t\t<\/div>\n\t\t<div class=\"elementor-element elementor-element-6001667e e-con-full e-flex e-con e-child\" data-id=\"6001667e\" data-element_type=\"container\" data-e-type=\"container\">\n\t\t\t\t<div class=\"elementor-element elementor-element-1b7c48f6 elementor-widget elementor-widget-counter\" data-id=\"1b7c48f6\" data-element_type=\"widget\" data-e-type=\"widget\" data-widget_type=\"counter.default\">\n\t\t\t\t<div class=\"elementor-widget-container\">\n\t\t\t\t\t\t\t<div class=\"elementor-counter\">\n\t\t\t<div class=\"elementor-counter-title\">B\u00fcrger in den Partnerregionen<\/div>\t\t\t<div class=\"elementor-counter-number-wrapper\">\n\t\t\t\t<span class=\"elementor-counter-number-prefix\"><\/span>\n\t\t\t\t<span class=\"elementor-counter-number\" data-duration=\"2000\" data-to-value=\"5.7\" data-from-value=\"0\">0<\/span>\n\t\t\t\t<span class=\"elementor-counter-number-suffix\">M<\/span>\n\t\t\t<\/div>\n\t\t<\/div>\n\t\t\t\t\t\t<\/div>\n\t\t\t\t<\/div>\n\t\t\t\t<\/div>\n\t\t\t\t\t<\/div>\n\t\t\t\t<\/div>\n\t\t\t\t\t<\/div>\n\t\t\t\t<\/div>\n\t\t\t\t<\/div>\n\t\t","protected":false},"featured_media":13846,"template":"","country":[],"service":[196],"topic":[237],"class_list":["post-14547","case","type-case","status-publish","has-post-thumbnail","hentry","service-finanzielle-unterstutzung","topic-mobilitat"],"acf":[],"yoast_head":"<!-- This site is optimized with the Yoast SEO plugin v27.5 - https:\/\/yoast.com\/product\/yoast-seo-wordpress\/ -->\n<title>Transformation der Mobilit\u00e4t in unterversorgten l\u00e4ndlichen Gebieten mit intelligenten Verkehrssystemen und neuer Politik - Bax<\/title>\n<meta name=\"description\" content=\"Bax unterst\u00fctzt eine Partnerschaft von sieben \u00f6ffentlichen Verkehrsbetrieben und St\u00e4dten, um den \u00f6ffentlichen Nahverkehr f\u00fcr die 129 Millionen EU-B\u00fcrger, die in l\u00e4ndlichen Gebieten leben, zu verbessern.\" \/>\n<meta name=\"robots\" content=\"index, follow, max-snippet:-1, max-image-preview:large, max-video-preview:-1\" \/>\n<link rel=\"canonical\" href=\"https:\/\/baxcompany.com\/de\/case\/transformation-der-mobilitaet-in-unterversorgten-laendlichen-gebieten-mit-intelligenten-verkehrssystemen-und-neuer-politik\/\" \/>\n<meta property=\"og:locale\" content=\"de_DE\" \/>\n<meta property=\"og:type\" content=\"article\" \/>\n<meta property=\"og:title\" content=\"Transformation der Mobilit\u00e4t in unterversorgten l\u00e4ndlichen Gebieten mit intelligenten Verkehrssystemen und neuer Politik - Bax\" \/>\n<meta property=\"og:description\" content=\"Bax unterst\u00fctzt eine Partnerschaft von sieben \u00f6ffentlichen Verkehrsbetrieben und St\u00e4dten, um den \u00f6ffentlichen Nahverkehr f\u00fcr die 129 Millionen EU-B\u00fcrger, die in l\u00e4ndlichen Gebieten leben, zu verbessern.\" \/>\n<meta property=\"og:url\" content=\"https:\/\/baxcompany.com\/de\/case\/transformation-der-mobilitaet-in-unterversorgten-laendlichen-gebieten-mit-intelligenten-verkehrssystemen-und-neuer-politik\/\" \/>\n<meta property=\"og:site_name\" content=\"Bax\" \/>\n<meta property=\"article:modified_time\" content=\"2025-01-08T08:43:16+00:00\" \/>\n<meta property=\"og:image\" content=\"https:\/\/baxcompany.com\/wp-content\/uploads\/2024\/12\/Cover.jpg\" \/>\n\t<meta property=\"og:image:width\" content=\"2121\" \/>\n\t<meta property=\"og:image:height\" content=\"1414\" \/>\n\t<meta property=\"og:image:type\" content=\"image\/jpeg\" \/>\n<meta name=\"twitter:card\" content=\"summary_large_image\" \/>\n<meta name=\"twitter:label1\" content=\"Gesch\u00e4tzte Lesezeit\" \/>\n\t<meta name=\"twitter:data1\" content=\"1\u00a0Minute\" \/>\n<script type=\"application\/ld+json\" class=\"yoast-schema-graph\">{\"@context\":\"https:\\\/\\\/schema.org\",\"@graph\":[{\"@type\":\"WebPage\",\"@id\":\"https:\\\/\\\/baxcompany.com\\\/de\\\/case\\\/transformation-der-mobilitaet-in-unterversorgten-laendlichen-gebieten-mit-intelligenten-verkehrssystemen-und-neuer-politik\\\/\",\"url\":\"https:\\\/\\\/baxcompany.com\\\/de\\\/case\\\/transformation-der-mobilitaet-in-unterversorgten-laendlichen-gebieten-mit-intelligenten-verkehrssystemen-und-neuer-politik\\\/\",\"name\":\"Transformation der Mobilit\u00e4t in unterversorgten l\u00e4ndlichen Gebieten mit intelligenten Verkehrssystemen und neuer Politik - Bax\",\"isPartOf\":{\"@id\":\"https:\\\/\\\/baxcompany.com\\\/de\\\/#website\"},\"primaryImageOfPage\":{\"@id\":\"https:\\\/\\\/baxcompany.com\\\/de\\\/case\\\/transformation-der-mobilitaet-in-unterversorgten-laendlichen-gebieten-mit-intelligenten-verkehrssystemen-und-neuer-politik\\\/#primaryimage\"},\"image\":{\"@id\":\"https:\\\/\\\/baxcompany.com\\\/de\\\/case\\\/transformation-der-mobilitaet-in-unterversorgten-laendlichen-gebieten-mit-intelligenten-verkehrssystemen-und-neuer-politik\\\/#primaryimage\"},\"thumbnailUrl\":\"https:\\\/\\\/baxcompany.com\\\/wp-content\\\/uploads\\\/2024\\\/12\\\/Cover.jpg\",\"datePublished\":\"2024-04-11T14:57:00+00:00\",\"dateModified\":\"2025-01-08T08:43:16+00:00\",\"description\":\"Bax unterst\u00fctzt eine Partnerschaft von sieben \u00f6ffentlichen Verkehrsbetrieben und St\u00e4dten, um den \u00f6ffentlichen Nahverkehr f\u00fcr die 129 Millionen EU-B\u00fcrger, die in l\u00e4ndlichen Gebieten leben, zu verbessern.\",\"breadcrumb\":{\"@id\":\"https:\\\/\\\/baxcompany.com\\\/de\\\/case\\\/transformation-der-mobilitaet-in-unterversorgten-laendlichen-gebieten-mit-intelligenten-verkehrssystemen-und-neuer-politik\\\/#breadcrumb\"},\"inLanguage\":\"de\",\"potentialAction\":[{\"@type\":\"ReadAction\",\"target\":[\"https:\\\/\\\/baxcompany.com\\\/de\\\/case\\\/transformation-der-mobilitaet-in-unterversorgten-laendlichen-gebieten-mit-intelligenten-verkehrssystemen-und-neuer-politik\\\/\"]}]},{\"@type\":\"ImageObject\",\"inLanguage\":\"de\",\"@id\":\"https:\\\/\\\/baxcompany.com\\\/de\\\/case\\\/transformation-der-mobilitaet-in-unterversorgten-laendlichen-gebieten-mit-intelligenten-verkehrssystemen-und-neuer-politik\\\/#primaryimage\",\"url\":\"https:\\\/\\\/baxcompany.com\\\/wp-content\\\/uploads\\\/2024\\\/12\\\/Cover.jpg\",\"contentUrl\":\"https:\\\/\\\/baxcompany.com\\\/wp-content\\\/uploads\\\/2024\\\/12\\\/Cover.jpg\",\"width\":2121,\"height\":1414,\"caption\":\"Scenic view of mountain village of Alvaneu at Albula Valley in the Swiss Alps on a sunny autumn day. Photo taken November 15th, 2024, Alavaneu Albula, Switzeland.\"},{\"@type\":\"BreadcrumbList\",\"@id\":\"https:\\\/\\\/baxcompany.com\\\/de\\\/case\\\/transformation-der-mobilitaet-in-unterversorgten-laendlichen-gebieten-mit-intelligenten-verkehrssystemen-und-neuer-politik\\\/#breadcrumb\",\"itemListElement\":[{\"@type\":\"ListItem\",\"position\":1,\"name\":\"Home\",\"item\":\"https:\\\/\\\/baxcompany.com\\\/de\\\/home\\\/\"},{\"@type\":\"ListItem\",\"position\":2,\"name\":\"Transformation der Mobilit\u00e4t in unterversorgten l\u00e4ndlichen Gebieten mit intelligenten Verkehrssystemen und neuer Politik\"}]},{\"@type\":\"WebSite\",\"@id\":\"https:\\\/\\\/baxcompany.com\\\/de\\\/#website\",\"url\":\"https:\\\/\\\/baxcompany.com\\\/de\\\/\",\"name\":\"Bax\",\"description\":\"Innovation consultancy specialising in pilots, funding and collaborations\",\"publisher\":{\"@id\":\"https:\\\/\\\/baxcompany.com\\\/de\\\/#organization\"},\"potentialAction\":[{\"@type\":\"SearchAction\",\"target\":{\"@type\":\"EntryPoint\",\"urlTemplate\":\"https:\\\/\\\/baxcompany.com\\\/de\\\/?s={search_term_string}\"},\"query-input\":{\"@type\":\"PropertyValueSpecification\",\"valueRequired\":true,\"valueName\":\"search_term_string\"}}],\"inLanguage\":\"de\"},{\"@type\":\"Organization\",\"@id\":\"https:\\\/\\\/baxcompany.com\\\/de\\\/#organization\",\"name\":\"Bax\",\"url\":\"https:\\\/\\\/baxcompany.com\\\/de\\\/\",\"logo\":{\"@type\":\"ImageObject\",\"inLanguage\":\"de\",\"@id\":\"https:\\\/\\\/baxcompany.com\\\/de\\\/#\\\/schema\\\/logo\\\/image\\\/\",\"url\":\"https:\\\/\\\/baxcompany.com\\\/wp-content\\\/uploads\\\/2024\\\/05\\\/cropped-Bax-favicon.png\",\"contentUrl\":\"https:\\\/\\\/baxcompany.com\\\/wp-content\\\/uploads\\\/2024\\\/05\\\/cropped-Bax-favicon.png\",\"width\":512,\"height\":512,\"caption\":\"Bax\"},\"image\":{\"@id\":\"https:\\\/\\\/baxcompany.com\\\/de\\\/#\\\/schema\\\/logo\\\/image\\\/\"}}]}<\/script>\n<!-- \/ Yoast SEO plugin. -->","yoast_head_json":{"title":"Transformation der Mobilit\u00e4t in unterversorgten l\u00e4ndlichen Gebieten mit intelligenten Verkehrssystemen und neuer Politik - Bax","description":"Bax unterst\u00fctzt eine Partnerschaft von sieben \u00f6ffentlichen Verkehrsbetrieben und St\u00e4dten, um den \u00f6ffentlichen Nahverkehr f\u00fcr die 129 Millionen EU-B\u00fcrger, die in l\u00e4ndlichen Gebieten leben, zu verbessern.","robots":{"index":"index","follow":"follow","max-snippet":"max-snippet:-1","max-image-preview":"max-image-preview:large","max-video-preview":"max-video-preview:-1"},"canonical":"https:\/\/baxcompany.com\/de\/case\/transformation-der-mobilitaet-in-unterversorgten-laendlichen-gebieten-mit-intelligenten-verkehrssystemen-und-neuer-politik\/","og_locale":"de_DE","og_type":"article","og_title":"Transformation der Mobilit\u00e4t in unterversorgten l\u00e4ndlichen Gebieten mit intelligenten Verkehrssystemen und neuer Politik - Bax","og_description":"Bax unterst\u00fctzt eine Partnerschaft von sieben \u00f6ffentlichen Verkehrsbetrieben und St\u00e4dten, um den \u00f6ffentlichen Nahverkehr f\u00fcr die 129 Millionen EU-B\u00fcrger, die in l\u00e4ndlichen Gebieten leben, zu verbessern.","og_url":"https:\/\/baxcompany.com\/de\/case\/transformation-der-mobilitaet-in-unterversorgten-laendlichen-gebieten-mit-intelligenten-verkehrssystemen-und-neuer-politik\/","og_site_name":"Bax","article_modified_time":"2025-01-08T08:43:16+00:00","og_image":[{"width":2121,"height":1414,"url":"https:\/\/baxcompany.com\/wp-content\/uploads\/2024\/12\/Cover.jpg","type":"image\/jpeg"}],"twitter_card":"summary_large_image","twitter_misc":{"Gesch\u00e4tzte Lesezeit":"1\u00a0Minute"},"schema":{"@context":"https:\/\/schema.org","@graph":[{"@type":"WebPage","@id":"https:\/\/baxcompany.com\/de\/case\/transformation-der-mobilitaet-in-unterversorgten-laendlichen-gebieten-mit-intelligenten-verkehrssystemen-und-neuer-politik\/","url":"https:\/\/baxcompany.com\/de\/case\/transformation-der-mobilitaet-in-unterversorgten-laendlichen-gebieten-mit-intelligenten-verkehrssystemen-und-neuer-politik\/","name":"Transformation der Mobilit\u00e4t in unterversorgten l\u00e4ndlichen Gebieten mit intelligenten Verkehrssystemen und neuer Politik - Bax","isPartOf":{"@id":"https:\/\/baxcompany.com\/de\/#website"},"primaryImageOfPage":{"@id":"https:\/\/baxcompany.com\/de\/case\/transformation-der-mobilitaet-in-unterversorgten-laendlichen-gebieten-mit-intelligenten-verkehrssystemen-und-neuer-politik\/#primaryimage"},"image":{"@id":"https:\/\/baxcompany.com\/de\/case\/transformation-der-mobilitaet-in-unterversorgten-laendlichen-gebieten-mit-intelligenten-verkehrssystemen-und-neuer-politik\/#primaryimage"},"thumbnailUrl":"https:\/\/baxcompany.com\/wp-content\/uploads\/2024\/12\/Cover.jpg","datePublished":"2024-04-11T14:57:00+00:00","dateModified":"2025-01-08T08:43:16+00:00","description":"Bax unterst\u00fctzt eine Partnerschaft von sieben \u00f6ffentlichen Verkehrsbetrieben und St\u00e4dten, um den \u00f6ffentlichen Nahverkehr f\u00fcr die 129 Millionen EU-B\u00fcrger, die in l\u00e4ndlichen Gebieten leben, zu verbessern.","breadcrumb":{"@id":"https:\/\/baxcompany.com\/de\/case\/transformation-der-mobilitaet-in-unterversorgten-laendlichen-gebieten-mit-intelligenten-verkehrssystemen-und-neuer-politik\/#breadcrumb"},"inLanguage":"de","potentialAction":[{"@type":"ReadAction","target":["https:\/\/baxcompany.com\/de\/case\/transformation-der-mobilitaet-in-unterversorgten-laendlichen-gebieten-mit-intelligenten-verkehrssystemen-und-neuer-politik\/"]}]},{"@type":"ImageObject","inLanguage":"de","@id":"https:\/\/baxcompany.com\/de\/case\/transformation-der-mobilitaet-in-unterversorgten-laendlichen-gebieten-mit-intelligenten-verkehrssystemen-und-neuer-politik\/#primaryimage","url":"https:\/\/baxcompany.com\/wp-content\/uploads\/2024\/12\/Cover.jpg","contentUrl":"https:\/\/baxcompany.com\/wp-content\/uploads\/2024\/12\/Cover.jpg","width":2121,"height":1414,"caption":"Scenic view of mountain village of Alvaneu at Albula Valley in the Swiss Alps on a sunny autumn day. Photo taken November 15th, 2024, Alavaneu Albula, Switzeland."},{"@type":"BreadcrumbList","@id":"https:\/\/baxcompany.com\/de\/case\/transformation-der-mobilitaet-in-unterversorgten-laendlichen-gebieten-mit-intelligenten-verkehrssystemen-und-neuer-politik\/#breadcrumb","itemListElement":[{"@type":"ListItem","position":1,"name":"Home","item":"https:\/\/baxcompany.com\/de\/home\/"},{"@type":"ListItem","position":2,"name":"Transformation der Mobilit\u00e4t in unterversorgten l\u00e4ndlichen Gebieten mit intelligenten Verkehrssystemen und neuer Politik"}]},{"@type":"WebSite","@id":"https:\/\/baxcompany.com\/de\/#website","url":"https:\/\/baxcompany.com\/de\/","name":"Bax","description":"Innovation consultancy specialising in pilots, funding and collaborations","publisher":{"@id":"https:\/\/baxcompany.com\/de\/#organization"},"potentialAction":[{"@type":"SearchAction","target":{"@type":"EntryPoint","urlTemplate":"https:\/\/baxcompany.com\/de\/?s={search_term_string}"},"query-input":{"@type":"PropertyValueSpecification","valueRequired":true,"valueName":"search_term_string"}}],"inLanguage":"de"},{"@type":"Organization","@id":"https:\/\/baxcompany.com\/de\/#organization","name":"Bax","url":"https:\/\/baxcompany.com\/de\/","logo":{"@type":"ImageObject","inLanguage":"de","@id":"https:\/\/baxcompany.com\/de\/#\/schema\/logo\/image\/","url":"https:\/\/baxcompany.com\/wp-content\/uploads\/2024\/05\/cropped-Bax-favicon.png","contentUrl":"https:\/\/baxcompany.com\/wp-content\/uploads\/2024\/05\/cropped-Bax-favicon.png","width":512,"height":512,"caption":"Bax"},"image":{"@id":"https:\/\/baxcompany.com\/de\/#\/schema\/logo\/image\/"}}]}},"jetpack_sharing_enabled":true,"_links":{"self":[{"href":"https:\/\/baxcompany.com\/de\/wp-json\/wp\/v2\/case\/14547","targetHints":{"allow":["GET"]}}],"collection":[{"href":"https:\/\/baxcompany.com\/de\/wp-json\/wp\/v2\/case"}],"about":[{"href":"https:\/\/baxcompany.com\/de\/wp-json\/wp\/v2\/types\/case"}],"version-history":[{"count":1,"href":"https:\/\/baxcompany.com\/de\/wp-json\/wp\/v2\/case\/14547\/revisions"}],"predecessor-version":[{"id":14549,"href":"https:\/\/baxcompany.com\/de\/wp-json\/wp\/v2\/case\/14547\/revisions\/14549"}],"wp:featuredmedia":[{"embeddable":true,"href":"https:\/\/baxcompany.com\/de\/wp-json\/wp\/v2\/media\/13846"}],"wp:attachment":[{"href":"https:\/\/baxcompany.com\/de\/wp-json\/wp\/v2\/media?parent=14547"}],"wp:term":[{"taxonomy":"country","embeddable":true,"href":"https:\/\/baxcompany.com\/de\/wp-json\/wp\/v2\/country?post=14547"},{"taxonomy":"service","embeddable":true,"href":"https:\/\/baxcompany.com\/de\/wp-json\/wp\/v2\/service?post=14547"},{"taxonomy":"topic","embeddable":true,"href":"https:\/\/baxcompany.com\/de\/wp-json\/wp\/v2\/topic?post=14547"}],"curies":[{"name":"wp","href":"https:\/\/api.w.org\/{rel}","templated":true}]}}