{"id":14477,"date":"2021-06-20T11:42:00","date_gmt":"2021-06-20T09:42:00","guid":{"rendered":"https:\/\/baxcompany.com\/case\/conectar-europa-para-proteger-y-restaurar-las-turberas\/"},"modified":"2025-01-08T09:42:49","modified_gmt":"2025-01-08T08:42:49","slug":"conectar-europa-para-proteger-y-restaurar-las-turberas","status":"publish","type":"case","link":"https:\/\/baxcompany.com\/es\/case\/conectar-europa-para-proteger-y-restaurar-las-turberas\/","title":{"rendered":"Conectar Europa para proteger y restaurar las turberas"},"content":{"rendered":"\t\t<div data-elementor-type=\"wp-post\" data-elementor-id=\"14477\" class=\"elementor elementor-14477 elementor-9218\" data-elementor-post-type=\"case\">\n\t\t\t\t<div class=\"elementor-element elementor-element-5da7026e e-flex e-con-boxed e-con e-parent\" data-id=\"5da7026e\" data-element_type=\"container\" data-e-type=\"container\">\n\t\t\t\t\t<div class=\"e-con-inner\">\n\t\t\t\t<div class=\"elementor-element elementor-element-444ecafe elementor-widget elementor-widget-text-editor\" data-id=\"444ecafe\" data-element_type=\"widget\" data-e-type=\"widget\" data-widget_type=\"text-editor.default\">\n\t\t\t\t<div class=\"elementor-widget-container\">\n\t\t\t\t\t\t\t\t\t<h4><strong>Clientes:<\/strong> Departamento de Vivienda, Gobierno Local y Patrimonio de Irlanda; Departamento de Agricultura, Alimentaci\u00f3n y Marina de Irlanda<\/h4>\n<h4><b>Fecha: <\/b>2021 &#8211; 2023<\/h4>\n<h4><b>Ubicaci\u00f3n(es):<\/b> En toda Europa<\/h4>\n\t\t\t\t\t\t\t\t<\/div>\n\t\t\t\t<\/div>\n\t\t\t\t\t<\/div>\n\t\t\t\t<\/div>\n\t\t<div class=\"elementor-element elementor-element-1cf4a5da e-flex e-con-boxed e-con e-parent\" data-id=\"1cf4a5da\" data-element_type=\"container\" data-e-type=\"container\">\n\t\t\t\t\t<div class=\"e-con-inner\">\n\t\t\t\t<div class=\"elementor-element elementor-element-14ace466 elementor-widget elementor-widget-text-editor\" data-id=\"14ace466\" data-element_type=\"widget\" data-e-type=\"widget\" data-widget_type=\"text-editor.default\">\n\t\t\t\t<div class=\"elementor-widget-container\">\n\t\t\t\t\t\t\t\t\t<p><span style=\"font-weight: 400;\">Trabajamos en nombre del gobierno irland\u00e9s para crear una Iniciativa Europea sobre Turberas respaldada por el gobierno. La EPI pretende reforzar los lazos existentes entre pa\u00edses cuyos objetivos conjuntos son impulsar la restauraci\u00f3n, conservaci\u00f3n y gesti\u00f3n sostenible de las turberas. <\/span><\/p>\n\t\t\t\t\t\t\t\t<\/div>\n\t\t\t\t<\/div>\n\t\t\t\t\t<\/div>\n\t\t\t\t<\/div>\n\t\t<div data-dce-background-color=\"#F2F2F2\" class=\"elementor-element elementor-element-54cf3a1d e-flex e-con-boxed e-con e-parent\" data-id=\"54cf3a1d\" data-element_type=\"container\" data-e-type=\"container\" data-settings=\"{&quot;background_background&quot;:&quot;classic&quot;}\">\n\t\t\t\t\t<div class=\"e-con-inner\">\n\t\t<div class=\"elementor-element elementor-element-1f09da17 e-con-full e-flex e-con e-child\" data-id=\"1f09da17\" data-element_type=\"container\" data-e-type=\"container\">\n\t\t<div class=\"elementor-element elementor-element-a042bd1 e-con-full e-flex e-con e-child\" data-id=\"a042bd1\" data-element_type=\"container\" data-e-type=\"container\">\n\t\t\t\t<div class=\"elementor-element elementor-element-7ac8306a elementor-widget elementor-widget-text-editor\" data-id=\"7ac8306a\" data-element_type=\"widget\" data-e-type=\"widget\" data-widget_type=\"text-editor.default\">\n\t\t\t\t<div class=\"elementor-widget-container\">\n\t\t\t\t\t\t\t\t\t<p>Desaf\u00edo<\/p>\n\t\t\t\t\t\t\t\t<\/div>\n\t\t\t\t<\/div>\n\t\t\t\t<div class=\"elementor-element elementor-element-1b682d59 elementor-widget elementor-widget-text-editor\" data-id=\"1b682d59\" data-element_type=\"widget\" data-e-type=\"widget\" data-widget_type=\"text-editor.default\">\n\t\t\t\t<div class=\"elementor-widget-container\">\n\t\t\t\t\t\t\t\t\t<p><span style=\"font-weight: 400;\">Europa es el continente con la mayor p\u00e9rdida proporcional de turberas del mundo, y emite casi el equivalente en carbono de las emisiones anuales de gases de efecto invernadero de Canad\u00e1. Las turberas se est\u00e1n desecando principalmente con fines agr\u00edcolas, lo que pone en peligro su potencial de secuestro de carbono y los m\u00faltiples servicios ecosist\u00e9micos que proporcionan. Las turberas se encuentran a menudo entre diferentes \u00e1mbitos gubernamentales y el complejo entorno de m\u00faltiples partes interesadas hace que sea un reto coordinar la acci\u00f3n.  <\/span><\/p>\n\t\t\t\t\t\t\t\t<\/div>\n\t\t\t\t<\/div>\n\t\t\t\t<\/div>\n\t\t<div class=\"elementor-element elementor-element-7ad7bffc e-con-full e-flex e-con e-child\" data-id=\"7ad7bffc\" data-element_type=\"container\" data-e-type=\"container\">\n\t\t\t\t<div class=\"elementor-element elementor-element-6e357211 dce_masking-none elementor-widget elementor-widget-image\" data-id=\"6e357211\" data-element_type=\"widget\" data-e-type=\"widget\" data-widget_type=\"image.default\">\n\t\t\t\t<div class=\"elementor-widget-container\">\n\t\t\t\t\t\t\t\t\t\t\t\t\t\t\t<img fetchpriority=\"high\" decoding=\"async\" width=\"2751\" height=\"1800\" src=\"https:\/\/baxcompany.com\/wp-content\/uploads\/2024\/06\/EPI-challenge-1.png\" class=\"attachment-full size-full wp-image-9245\" alt=\"\" srcset=\"https:\/\/baxcompany.com\/wp-content\/uploads\/2024\/06\/EPI-challenge-1.png 2751w, https:\/\/baxcompany.com\/wp-content\/uploads\/2024\/06\/EPI-challenge-1-300x196.png 300w, https:\/\/baxcompany.com\/wp-content\/uploads\/2024\/06\/EPI-challenge-1-1024x670.png 1024w, https:\/\/baxcompany.com\/wp-content\/uploads\/2024\/06\/EPI-challenge-1-768x503.png 768w, https:\/\/baxcompany.com\/wp-content\/uploads\/2024\/06\/EPI-challenge-1-1536x1005.png 1536w, https:\/\/baxcompany.com\/wp-content\/uploads\/2024\/06\/EPI-challenge-1-2048x1340.png 2048w\" sizes=\"(max-width: 2751px) 100vw, 2751px\" \/>\t\t\t\t\t\t\t\t\t\t\t\t\t\t\t<\/div>\n\t\t\t\t<\/div>\n\t\t\t\t<\/div>\n\t\t\t\t<\/div>\n\t\t<div class=\"elementor-element elementor-element-3b4859f0 e-con-full e-flex e-con e-child\" data-id=\"3b4859f0\" data-element_type=\"container\" data-e-type=\"container\">\n\t\t<div class=\"elementor-element elementor-element-3c5ba848 e-con-full e-flex e-con e-child\" data-id=\"3c5ba848\" data-element_type=\"container\" data-e-type=\"container\">\n\t\t\t\t<div class=\"elementor-element elementor-element-46c93d66 dce_masking-none elementor-widget elementor-widget-image\" data-id=\"46c93d66\" data-element_type=\"widget\" data-e-type=\"widget\" data-widget_type=\"image.default\">\n\t\t\t\t<div class=\"elementor-widget-container\">\n\t\t\t\t\t\t\t\t\t\t\t\t\t\t\t<img decoding=\"async\" width=\"1600\" height=\"1200\" src=\"https:\/\/baxcompany.com\/wp-content\/uploads\/2024\/06\/EPI-approach.jpg\" class=\"attachment-full size-full wp-image-9223\" alt=\"\" srcset=\"https:\/\/baxcompany.com\/wp-content\/uploads\/2024\/06\/EPI-approach.jpg 1600w, https:\/\/baxcompany.com\/wp-content\/uploads\/2024\/06\/EPI-approach-300x225.jpg 300w, https:\/\/baxcompany.com\/wp-content\/uploads\/2024\/06\/EPI-approach-1024x768.jpg 1024w, https:\/\/baxcompany.com\/wp-content\/uploads\/2024\/06\/EPI-approach-768x576.jpg 768w, https:\/\/baxcompany.com\/wp-content\/uploads\/2024\/06\/EPI-approach-1536x1152.jpg 1536w\" sizes=\"(max-width: 1600px) 100vw, 1600px\" \/>\t\t\t\t\t\t\t\t\t\t\t\t\t\t\t<\/div>\n\t\t\t\t<\/div>\n\t\t\t\t<\/div>\n\t\t<div class=\"elementor-element elementor-element-6fbbadd2 e-con-full e-flex e-con e-child\" data-id=\"6fbbadd2\" data-element_type=\"container\" data-e-type=\"container\">\n\t\t\t\t<div class=\"elementor-element elementor-element-7f279f58 elementor-widget elementor-widget-text-editor\" data-id=\"7f279f58\" data-element_type=\"widget\" data-e-type=\"widget\" data-widget_type=\"text-editor.default\">\n\t\t\t\t<div class=\"elementor-widget-container\">\n\t\t\t\t\t\t\t\t\t<p>Ac\u00e9rcate a<\/p>\n\t\t\t\t\t\t\t\t<\/div>\n\t\t\t\t<\/div>\n\t\t\t\t<div class=\"elementor-element elementor-element-509565b5 elementor-widget elementor-widget-text-editor\" data-id=\"509565b5\" data-element_type=\"widget\" data-e-type=\"widget\" data-widget_type=\"text-editor.default\">\n\t\t\t\t<div class=\"elementor-widget-container\">\n\t\t\t\t\t\t\t\t\t<p><span style=\"font-weight: 400;\">Apoyamos al DAFM y al NPWS del gobierno irland\u00e9s en la puesta en marcha del EPI mediante el impulso, el intercambio de conocimientos y la movilizaci\u00f3n de recursos:<\/span><\/p>\n<ul>\n<li style=\"font-weight: 400;\" aria-level=\"1\"><span style=\"font-weight: 400;\">Planificaci\u00f3n y facilitaci\u00f3n de actos, por ejemplo en la COP26 y en la Reuni\u00f3n para el Desarrollo de Irlanda<\/span><\/li>\n<li style=\"font-weight: 400;\" aria-level=\"1\"><span style=\"font-weight: 400;\">Entrega de un informe de estudio exploratorio tras consultar a 150 partes interesadas<\/span><\/li>\n<li style=\"font-weight: 400;\" aria-level=\"1\"><span style=\"font-weight: 400;\">Apoyar el trabajo de comunicaci\u00f3n<\/span><\/li>\n<li style=\"font-weight: 400;\" aria-level=\"1\"><span style=\"font-weight: 400;\">Facilitar el intercambio de conocimientos y la movilizaci\u00f3n de recursos.<\/span><\/li>\n<\/ul>\n\t\t\t\t\t\t\t\t<\/div>\n\t\t\t\t<\/div>\n\t\t\t\t<\/div>\n\t\t\t\t<\/div>\n\t\t<div class=\"elementor-element elementor-element-a8117cd e-con-full e-flex e-con e-child\" data-id=\"a8117cd\" data-element_type=\"container\" data-e-type=\"container\">\n\t\t<div class=\"elementor-element elementor-element-2192d394 e-con-full e-flex e-con e-child\" data-id=\"2192d394\" data-element_type=\"container\" data-e-type=\"container\">\n\t\t\t\t<div class=\"elementor-element elementor-element-77a39aa7 elementor-widget elementor-widget-text-editor\" data-id=\"77a39aa7\" data-element_type=\"widget\" data-e-type=\"widget\" data-widget_type=\"text-editor.default\">\n\t\t\t\t<div class=\"elementor-widget-container\">\n\t\t\t\t\t\t\t\t\t<p>Impacto<\/p>\n\t\t\t\t\t\t\t\t<\/div>\n\t\t\t\t<\/div>\n\t\t\t\t<div class=\"elementor-element elementor-element-1a638c38 elementor-widget elementor-widget-text-editor\" data-id=\"1a638c38\" data-element_type=\"widget\" data-e-type=\"widget\" data-widget_type=\"text-editor.default\">\n\t\t\t\t<div class=\"elementor-widget-container\">\n\t\t\t\t\t\t\t\t\t<p><span style=\"font-weight: 400;\">Conectamos el EPI con el PNUMA, la Iniciativa Mundial sobre las Turberas, Wetlands International y otras iniciativas punteras en el mundo de las turberas. La EPI ya ha cobrado impulso mundial al crear una red de m\u00e1s de 150 partes interesadas en m\u00e1s de 15 pa\u00edses europeos y aumentar la concienciaci\u00f3n sobre la restauraci\u00f3n de las turberas entre los responsables pol\u00edticos de Europa.   <\/span><\/p>\n\t\t\t\t\t\t\t\t<\/div>\n\t\t\t\t<\/div>\n\t\t\t\t<\/div>\n\t\t\t\t<\/div>\n\t\t<div class=\"elementor-element elementor-element-567a7e94 e-flex e-con-boxed e-con e-child\" data-id=\"567a7e94\" data-element_type=\"container\" data-e-type=\"container\">\n\t\t\t\t\t<div class=\"e-con-inner\">\n\t\t<div class=\"elementor-element elementor-element-7b2c3f76 e-con-full e-flex e-con e-child\" data-id=\"7b2c3f76\" data-element_type=\"container\" data-e-type=\"container\">\n\t\t\t\t<div class=\"elementor-element elementor-element-9220905 elementor-widget elementor-widget-counter\" data-id=\"9220905\" data-element_type=\"widget\" data-e-type=\"widget\" data-widget_type=\"counter.default\">\n\t\t\t\t<div class=\"elementor-widget-container\">\n\t\t\t\t\t\t\t<div class=\"elementor-counter\">\n\t\t\t<div class=\"elementor-counter-title\">COP26 Reuni\u00f3n en el Pabell\u00f3n de Turberas Glasgow<\/div>\t\t\t<div class=\"elementor-counter-number-wrapper\">\n\t\t\t\t<span class=\"elementor-counter-number-prefix\"><\/span>\n\t\t\t\t<span class=\"elementor-counter-number\" data-duration=\"2000\" data-to-value=\"2021\" data-from-value=\"0\">0<\/span>\n\t\t\t\t<span class=\"elementor-counter-number-suffix\"><\/span>\n\t\t\t<\/div>\n\t\t<\/div>\n\t\t\t\t\t\t<\/div>\n\t\t\t\t<\/div>\n\t\t\t\t<\/div>\n\t\t<div class=\"elementor-element elementor-element-545168af e-con-full e-flex e-con e-child\" data-id=\"545168af\" data-element_type=\"container\" data-e-type=\"container\">\n\t\t\t\t<div class=\"elementor-element elementor-element-586dcafb elementor-widget elementor-widget-counter\" data-id=\"586dcafb\" data-element_type=\"widget\" data-e-type=\"widget\" data-widget_type=\"counter.default\">\n\t\t\t\t<div class=\"elementor-widget-container\">\n\t\t\t\t\t\t\t<div class=\"elementor-counter\">\n\t\t\t<div class=\"elementor-counter-title\">ministerios nacionales convocados a la reuni\u00f3n de desarrollo<\/div>\t\t\t<div class=\"elementor-counter-number-wrapper\">\n\t\t\t\t<span class=\"elementor-counter-number-prefix\"><\/span>\n\t\t\t\t<span class=\"elementor-counter-number\" data-duration=\"2000\" data-to-value=\"5\" data-from-value=\"0\">0<\/span>\n\t\t\t\t<span class=\"elementor-counter-number-suffix\"><\/span>\n\t\t\t<\/div>\n\t\t<\/div>\n\t\t\t\t\t\t<\/div>\n\t\t\t\t<\/div>\n\t\t\t\t<\/div>\n\t\t<div class=\"elementor-element elementor-element-8b25072 e-con-full e-flex e-con e-child\" data-id=\"8b25072\" data-element_type=\"container\" data-e-type=\"container\">\n\t\t\t\t<div class=\"elementor-element elementor-element-14bef701 elementor-widget elementor-widget-counter\" data-id=\"14bef701\" data-element_type=\"widget\" data-e-type=\"widget\" data-widget_type=\"counter.default\">\n\t\t\t\t<div class=\"elementor-widget-container\">\n\t\t\t\t\t\t\t<div class=\"elementor-counter\">\n\t\t\t<div class=\"elementor-counter-title\">partes interesadas en las turberas de toda Europa<\/div>\t\t\t<div class=\"elementor-counter-number-wrapper\">\n\t\t\t\t<span class=\"elementor-counter-number-prefix\"><\/span>\n\t\t\t\t<span class=\"elementor-counter-number\" data-duration=\"2000\" data-to-value=\"150\" data-from-value=\"0\">0<\/span>\n\t\t\t\t<span class=\"elementor-counter-number-suffix\">+<\/span>\n\t\t\t<\/div>\n\t\t<\/div>\n\t\t\t\t\t\t<\/div>\n\t\t\t\t<\/div>\n\t\t\t\t<\/div>\n\t\t\t\t\t<\/div>\n\t\t\t\t<\/div>\n\t\t\t\t\t<\/div>\n\t\t\t\t<\/div>\n\t\t<div class=\"elementor-element elementor-element-1c88d2f6 e-flex e-con-boxed e-con e-parent\" data-id=\"1c88d2f6\" data-element_type=\"container\" data-e-type=\"container\">\n\t\t\t\t\t<div class=\"e-con-inner\">\n\t\t<div class=\"elementor-element elementor-element-3bfe0881 e-con-full e-flex e-con e-child\" data-id=\"3bfe0881\" data-element_type=\"container\" data-e-type=\"container\" data-settings=\"{&quot;background_background&quot;:&quot;classic&quot;}\">\n\t\t\t\t<div class=\"elementor-element elementor-element-244c66c2 elementor-widget__width-initial elementor-widget elementor-widget-text-editor\" data-id=\"244c66c2\" data-element_type=\"widget\" data-e-type=\"widget\" data-widget_type=\"text-editor.default\">\n\t\t\t\t<div class=\"elementor-widget-container\">\n\t\t\t\t\t\t\t\t\t<p>Las turberas est\u00e1n emergiendo como paladines del clima en las agendas pol\u00edticas de varios pa\u00edses, y merecen especial atenci\u00f3n como soluci\u00f3n clim\u00e1tica basada en la naturaleza. El desarrollo de la Iniciativa Europea sobre las Turberas es un esfuerzo significativo para promover la colaboraci\u00f3n paneuropea apoyada por los gobiernos y contribuir a los esfuerzos mundiales para avanzar en la acci\u00f3n en favor de la naturaleza, las personas y la econom\u00eda. <\/p>\n\t\t\t\t\t\t\t\t<\/div>\n\t\t\t\t<\/div>\n\t\t\t\t<div class=\"elementor-element elementor-element-2b84e98c elementor-widget__width-initial elementor-widget elementor-widget-text-editor\" data-id=\"2b84e98c\" data-element_type=\"widget\" data-e-type=\"widget\" data-widget_type=\"text-editor.default\">\n\t\t\t\t<div class=\"elementor-widget-container\">\n\t\t\t\t\t\t\t\t\t<p>&#8211; Lisa Wiatschka, Consultora de Innovaci\u00f3n<\/p>\n\t\t\t\t\t\t\t\t<\/div>\n\t\t\t\t<\/div>\n\t\t\t\t<\/div>\n\t\t\t\t\t<\/div>\n\t\t\t\t<\/div>\n\t\t\t\t<\/div>\n\t\t","protected":false},"featured_media":9233,"template":"","country":[],"service":[205,193],"topic":[221],"class_list":["post-14477","case","type-case","status-publish","has-post-thumbnail","hentry","service-comunicaciones","service-creacion-de-alianzas","topic-naturaleza"],"acf":[],"yoast_head":"<!-- This site is optimized with the Yoast SEO plugin v27.5 - https:\/\/yoast.com\/product\/yoast-seo-wordpress\/ -->\n<title>Conectar Europa para proteger y restaurar las turberas - Bax<\/title>\n<meta name=\"description\" content=\"Trabajamos en nombre del gobierno irland\u00e9s para crear una Iniciativa Europea sobre Turberas respaldada por el gobierno. La EPI pretende reforzar los lazos existentes entre pa\u00edses cuyos objetivos conjuntos son impulsar la restauraci\u00f3n, conservaci\u00f3n y gesti\u00f3n sostenible de las turberas.\" \/>\n<meta name=\"robots\" content=\"index, follow, max-snippet:-1, max-image-preview:large, max-video-preview:-1\" \/>\n<link rel=\"canonical\" href=\"https:\/\/baxcompany.com\/es\/case\/conectar-europa-para-proteger-y-restaurar-las-turberas\/\" \/>\n<meta property=\"og:locale\" content=\"es_ES\" \/>\n<meta property=\"og:type\" content=\"article\" \/>\n<meta property=\"og:title\" content=\"Conectar Europa para proteger y restaurar las turberas - Bax\" \/>\n<meta property=\"og:description\" content=\"Trabajamos en nombre del gobierno irland\u00e9s para crear una Iniciativa Europea sobre Turberas respaldada por el gobierno. La EPI pretende reforzar los lazos existentes entre pa\u00edses cuyos objetivos conjuntos son impulsar la restauraci\u00f3n, conservaci\u00f3n y gesti\u00f3n sostenible de las turberas.\" \/>\n<meta property=\"og:url\" content=\"https:\/\/baxcompany.com\/es\/case\/conectar-europa-para-proteger-y-restaurar-las-turberas\/\" \/>\n<meta property=\"og:site_name\" content=\"Bax\" \/>\n<meta property=\"article:modified_time\" content=\"2025-01-08T08:42:49+00:00\" \/>\n<meta property=\"og:image\" content=\"https:\/\/baxcompany.com\/wp-content\/uploads\/2024\/06\/EPI-header-1024x576.png\" \/>\n\t<meta property=\"og:image:width\" content=\"1024\" \/>\n\t<meta property=\"og:image:height\" content=\"576\" \/>\n\t<meta property=\"og:image:type\" content=\"image\/png\" \/>\n<meta name=\"twitter:card\" content=\"summary_large_image\" \/>\n<meta name=\"twitter:label1\" content=\"Tiempo de lectura\" \/>\n\t<meta name=\"twitter:data1\" content=\"2 minutos\" \/>\n<script type=\"application\/ld+json\" class=\"yoast-schema-graph\">{\"@context\":\"https:\\\/\\\/schema.org\",\"@graph\":[{\"@type\":\"WebPage\",\"@id\":\"https:\\\/\\\/baxcompany.com\\\/es\\\/case\\\/conectar-europa-para-proteger-y-restaurar-las-turberas\\\/\",\"url\":\"https:\\\/\\\/baxcompany.com\\\/es\\\/case\\\/conectar-europa-para-proteger-y-restaurar-las-turberas\\\/\",\"name\":\"Conectar Europa para proteger y restaurar las turberas - Bax\",\"isPartOf\":{\"@id\":\"https:\\\/\\\/baxcompany.com\\\/es\\\/#website\"},\"primaryImageOfPage\":{\"@id\":\"https:\\\/\\\/baxcompany.com\\\/es\\\/case\\\/conectar-europa-para-proteger-y-restaurar-las-turberas\\\/#primaryimage\"},\"image\":{\"@id\":\"https:\\\/\\\/baxcompany.com\\\/es\\\/case\\\/conectar-europa-para-proteger-y-restaurar-las-turberas\\\/#primaryimage\"},\"thumbnailUrl\":\"https:\\\/\\\/baxcompany.com\\\/wp-content\\\/uploads\\\/2024\\\/06\\\/EPI-header.png\",\"datePublished\":\"2021-06-20T09:42:00+00:00\",\"dateModified\":\"2025-01-08T08:42:49+00:00\",\"description\":\"Trabajamos en nombre del gobierno irland\u00e9s para crear una Iniciativa Europea sobre Turberas respaldada por el gobierno. La EPI pretende reforzar los lazos existentes entre pa\u00edses cuyos objetivos conjuntos son impulsar la restauraci\u00f3n, conservaci\u00f3n y gesti\u00f3n sostenible de las turberas.\",\"breadcrumb\":{\"@id\":\"https:\\\/\\\/baxcompany.com\\\/es\\\/case\\\/conectar-europa-para-proteger-y-restaurar-las-turberas\\\/#breadcrumb\"},\"inLanguage\":\"es\",\"potentialAction\":[{\"@type\":\"ReadAction\",\"target\":[\"https:\\\/\\\/baxcompany.com\\\/es\\\/case\\\/conectar-europa-para-proteger-y-restaurar-las-turberas\\\/\"]}]},{\"@type\":\"ImageObject\",\"inLanguage\":\"es\",\"@id\":\"https:\\\/\\\/baxcompany.com\\\/es\\\/case\\\/conectar-europa-para-proteger-y-restaurar-las-turberas\\\/#primaryimage\",\"url\":\"https:\\\/\\\/baxcompany.com\\\/wp-content\\\/uploads\\\/2024\\\/06\\\/EPI-header.png\",\"contentUrl\":\"https:\\\/\\\/baxcompany.com\\\/wp-content\\\/uploads\\\/2024\\\/06\\\/EPI-header.png\",\"width\":3200,\"height\":1800},{\"@type\":\"BreadcrumbList\",\"@id\":\"https:\\\/\\\/baxcompany.com\\\/es\\\/case\\\/conectar-europa-para-proteger-y-restaurar-las-turberas\\\/#breadcrumb\",\"itemListElement\":[{\"@type\":\"ListItem\",\"position\":1,\"name\":\"Home\",\"item\":\"https:\\\/\\\/baxcompany.com\\\/es\\\/home\\\/\"},{\"@type\":\"ListItem\",\"position\":2,\"name\":\"Conectar Europa para proteger y restaurar las turberas\"}]},{\"@type\":\"WebSite\",\"@id\":\"https:\\\/\\\/baxcompany.com\\\/es\\\/#website\",\"url\":\"https:\\\/\\\/baxcompany.com\\\/es\\\/\",\"name\":\"Bax\",\"description\":\"Innovation consultancy specialising in pilots, funding and collaborations\",\"publisher\":{\"@id\":\"https:\\\/\\\/baxcompany.com\\\/es\\\/#organization\"},\"potentialAction\":[{\"@type\":\"SearchAction\",\"target\":{\"@type\":\"EntryPoint\",\"urlTemplate\":\"https:\\\/\\\/baxcompany.com\\\/es\\\/?s={search_term_string}\"},\"query-input\":{\"@type\":\"PropertyValueSpecification\",\"valueRequired\":true,\"valueName\":\"search_term_string\"}}],\"inLanguage\":\"es\"},{\"@type\":\"Organization\",\"@id\":\"https:\\\/\\\/baxcompany.com\\\/es\\\/#organization\",\"name\":\"Bax\",\"url\":\"https:\\\/\\\/baxcompany.com\\\/es\\\/\",\"logo\":{\"@type\":\"ImageObject\",\"inLanguage\":\"es\",\"@id\":\"https:\\\/\\\/baxcompany.com\\\/es\\\/#\\\/schema\\\/logo\\\/image\\\/\",\"url\":\"https:\\\/\\\/baxcompany.com\\\/wp-content\\\/uploads\\\/2024\\\/05\\\/cropped-Bax-favicon.png\",\"contentUrl\":\"https:\\\/\\\/baxcompany.com\\\/wp-content\\\/uploads\\\/2024\\\/05\\\/cropped-Bax-favicon.png\",\"width\":512,\"height\":512,\"caption\":\"Bax\"},\"image\":{\"@id\":\"https:\\\/\\\/baxcompany.com\\\/es\\\/#\\\/schema\\\/logo\\\/image\\\/\"}}]}<\/script>\n<!-- \/ Yoast SEO plugin. -->","yoast_head_json":{"title":"Conectar Europa para proteger y restaurar las turberas - Bax","description":"Trabajamos en nombre del gobierno irland\u00e9s para crear una Iniciativa Europea sobre Turberas respaldada por el gobierno. La EPI pretende reforzar los lazos existentes entre pa\u00edses cuyos objetivos conjuntos son impulsar la restauraci\u00f3n, conservaci\u00f3n y gesti\u00f3n sostenible de las turberas.","robots":{"index":"index","follow":"follow","max-snippet":"max-snippet:-1","max-image-preview":"max-image-preview:large","max-video-preview":"max-video-preview:-1"},"canonical":"https:\/\/baxcompany.com\/es\/case\/conectar-europa-para-proteger-y-restaurar-las-turberas\/","og_locale":"es_ES","og_type":"article","og_title":"Conectar Europa para proteger y restaurar las turberas - Bax","og_description":"Trabajamos en nombre del gobierno irland\u00e9s para crear una Iniciativa Europea sobre Turberas respaldada por el gobierno. La EPI pretende reforzar los lazos existentes entre pa\u00edses cuyos objetivos conjuntos son impulsar la restauraci\u00f3n, conservaci\u00f3n y gesti\u00f3n sostenible de las turberas.","og_url":"https:\/\/baxcompany.com\/es\/case\/conectar-europa-para-proteger-y-restaurar-las-turberas\/","og_site_name":"Bax","article_modified_time":"2025-01-08T08:42:49+00:00","og_image":[{"width":1024,"height":576,"url":"https:\/\/baxcompany.com\/wp-content\/uploads\/2024\/06\/EPI-header-1024x576.png","type":"image\/png"}],"twitter_card":"summary_large_image","twitter_misc":{"Tiempo de lectura":"2 minutos"},"schema":{"@context":"https:\/\/schema.org","@graph":[{"@type":"WebPage","@id":"https:\/\/baxcompany.com\/es\/case\/conectar-europa-para-proteger-y-restaurar-las-turberas\/","url":"https:\/\/baxcompany.com\/es\/case\/conectar-europa-para-proteger-y-restaurar-las-turberas\/","name":"Conectar Europa para proteger y restaurar las turberas - Bax","isPartOf":{"@id":"https:\/\/baxcompany.com\/es\/#website"},"primaryImageOfPage":{"@id":"https:\/\/baxcompany.com\/es\/case\/conectar-europa-para-proteger-y-restaurar-las-turberas\/#primaryimage"},"image":{"@id":"https:\/\/baxcompany.com\/es\/case\/conectar-europa-para-proteger-y-restaurar-las-turberas\/#primaryimage"},"thumbnailUrl":"https:\/\/baxcompany.com\/wp-content\/uploads\/2024\/06\/EPI-header.png","datePublished":"2021-06-20T09:42:00+00:00","dateModified":"2025-01-08T08:42:49+00:00","description":"Trabajamos en nombre del gobierno irland\u00e9s para crear una Iniciativa Europea sobre Turberas respaldada por el gobierno. La EPI pretende reforzar los lazos existentes entre pa\u00edses cuyos objetivos conjuntos son impulsar la restauraci\u00f3n, conservaci\u00f3n y gesti\u00f3n sostenible de las turberas.","breadcrumb":{"@id":"https:\/\/baxcompany.com\/es\/case\/conectar-europa-para-proteger-y-restaurar-las-turberas\/#breadcrumb"},"inLanguage":"es","potentialAction":[{"@type":"ReadAction","target":["https:\/\/baxcompany.com\/es\/case\/conectar-europa-para-proteger-y-restaurar-las-turberas\/"]}]},{"@type":"ImageObject","inLanguage":"es","@id":"https:\/\/baxcompany.com\/es\/case\/conectar-europa-para-proteger-y-restaurar-las-turberas\/#primaryimage","url":"https:\/\/baxcompany.com\/wp-content\/uploads\/2024\/06\/EPI-header.png","contentUrl":"https:\/\/baxcompany.com\/wp-content\/uploads\/2024\/06\/EPI-header.png","width":3200,"height":1800},{"@type":"BreadcrumbList","@id":"https:\/\/baxcompany.com\/es\/case\/conectar-europa-para-proteger-y-restaurar-las-turberas\/#breadcrumb","itemListElement":[{"@type":"ListItem","position":1,"name":"Home","item":"https:\/\/baxcompany.com\/es\/home\/"},{"@type":"ListItem","position":2,"name":"Conectar Europa para proteger y restaurar las turberas"}]},{"@type":"WebSite","@id":"https:\/\/baxcompany.com\/es\/#website","url":"https:\/\/baxcompany.com\/es\/","name":"Bax","description":"Innovation consultancy specialising in pilots, funding and collaborations","publisher":{"@id":"https:\/\/baxcompany.com\/es\/#organization"},"potentialAction":[{"@type":"SearchAction","target":{"@type":"EntryPoint","urlTemplate":"https:\/\/baxcompany.com\/es\/?s={search_term_string}"},"query-input":{"@type":"PropertyValueSpecification","valueRequired":true,"valueName":"search_term_string"}}],"inLanguage":"es"},{"@type":"Organization","@id":"https:\/\/baxcompany.com\/es\/#organization","name":"Bax","url":"https:\/\/baxcompany.com\/es\/","logo":{"@type":"ImageObject","inLanguage":"es","@id":"https:\/\/baxcompany.com\/es\/#\/schema\/logo\/image\/","url":"https:\/\/baxcompany.com\/wp-content\/uploads\/2024\/05\/cropped-Bax-favicon.png","contentUrl":"https:\/\/baxcompany.com\/wp-content\/uploads\/2024\/05\/cropped-Bax-favicon.png","width":512,"height":512,"caption":"Bax"},"image":{"@id":"https:\/\/baxcompany.com\/es\/#\/schema\/logo\/image\/"}}]}},"jetpack_sharing_enabled":true,"_links":{"self":[{"href":"https:\/\/baxcompany.com\/es\/wp-json\/wp\/v2\/case\/14477","targetHints":{"allow":["GET"]}}],"collection":[{"href":"https:\/\/baxcompany.com\/es\/wp-json\/wp\/v2\/case"}],"about":[{"href":"https:\/\/baxcompany.com\/es\/wp-json\/wp\/v2\/types\/case"}],"version-history":[{"count":1,"href":"https:\/\/baxcompany.com\/es\/wp-json\/wp\/v2\/case\/14477\/revisions"}],"predecessor-version":[{"id":14478,"href":"https:\/\/baxcompany.com\/es\/wp-json\/wp\/v2\/case\/14477\/revisions\/14478"}],"wp:featuredmedia":[{"embeddable":true,"href":"https:\/\/baxcompany.com\/es\/wp-json\/wp\/v2\/media\/9233"}],"wp:attachment":[{"href":"https:\/\/baxcompany.com\/es\/wp-json\/wp\/v2\/media?parent=14477"}],"wp:term":[{"taxonomy":"country","embeddable":true,"href":"https:\/\/baxcompany.com\/es\/wp-json\/wp\/v2\/country?post=14477"},{"taxonomy":"service","embeddable":true,"href":"https:\/\/baxcompany.com\/es\/wp-json\/wp\/v2\/service?post=14477"},{"taxonomy":"topic","embeddable":true,"href":"https:\/\/baxcompany.com\/es\/wp-json\/wp\/v2\/topic?post=14477"}],"curies":[{"name":"wp","href":"https:\/\/api.w.org\/{rel}","templated":true}]}}