{"id":14472,"date":"2019-12-14T16:42:00","date_gmt":"2019-12-14T15:42:00","guid":{"rendered":"https:\/\/baxcompany.com\/case\/accelerer-leconomie-circulaire-grace-au-pouvoir-dachat-aux-alliances-et-au-renforcement-des-capacites\/"},"modified":"2025-01-08T09:42:41","modified_gmt":"2025-01-08T08:42:41","slug":"accelerer-leconomie-circulaire-grace-au-pouvoir-dachat-aux-alliances-et-au-renforcement-des-capacites","status":"publish","type":"case","link":"https:\/\/baxcompany.com\/fr\/case\/accelerer-leconomie-circulaire-grace-au-pouvoir-dachat-aux-alliances-et-au-renforcement-des-capacites\/","title":{"rendered":"Acc\u00e9l\u00e9rer l&rsquo;\u00e9conomie circulaire gr\u00e2ce au pouvoir d&rsquo;achat, aux alliances et au renforcement des capacit\u00e9s"},"content":{"rendered":"\t\t<div data-elementor-type=\"wp-post\" data-elementor-id=\"14472\" class=\"elementor elementor-14472 elementor-9172\" data-elementor-post-type=\"case\">\n\t\t\t\t<div class=\"elementor-element elementor-element-439753bd e-flex e-con-boxed e-con e-parent\" data-id=\"439753bd\" data-element_type=\"container\" data-e-type=\"container\">\n\t\t\t\t\t<div class=\"e-con-inner\">\n\t\t\t\t<div class=\"elementor-element elementor-element-56f38f3f elementor-widget elementor-widget-text-editor\" data-id=\"56f38f3f\" data-element_type=\"widget\" data-e-type=\"widget\" data-widget_type=\"text-editor.default\">\n\t\t\t\t<div class=\"elementor-widget-container\">\n\t\t\t\t\t\t\t\t\t<h4><strong>Partenaires :<\/strong> <a href=\"https:\/\/northsearegion.eu\/procirc\/partners\/\" target=\"_blank\" rel=\"noopener\">Le partenariat ProCirc<\/a><\/h4>\n<h4><b>Date : <\/b>2019 &#8211; 2023<\/h4>\n<h4><b>Localisation :<\/b> Belgique, Pays-Bas, Danemark, Norv\u00e8ge, Royaume-Uni, Su\u00e8de<\/h4>\n\t\t\t\t\t\t\t\t<\/div>\n\t\t\t\t<\/div>\n\t\t\t\t\t<\/div>\n\t\t\t\t<\/div>\n\t\t<div class=\"elementor-element elementor-element-35fead90 e-flex e-con-boxed e-con e-parent\" data-id=\"35fead90\" data-element_type=\"container\" data-e-type=\"container\">\n\t\t\t\t\t<div class=\"e-con-inner\">\n\t\t\t\t<div class=\"elementor-element elementor-element-778e05c6 elementor-widget elementor-widget-text-editor\" data-id=\"778e05c6\" data-element_type=\"widget\" data-e-type=\"widget\" data-widget_type=\"text-editor.default\">\n\t\t\t\t<div class=\"elementor-widget-container\">\n\t\t\t\t\t\t\t\t\t<p><span style=\"font-weight: 400;\">Les organisations d&rsquo;achat jouent un r\u00f4le cl\u00e9 dans la stimulation de l&rsquo;\u00e9conomie circulaire en utilisant leur demande pour changer les march\u00e9s. Le probl\u00e8me est que les pratiques d&rsquo;achat sont g\u00e9n\u00e9ralement lin\u00e9aires par nature et ne sont pas propices aux solutions circulaires. Les organismes d&rsquo;approvisionnement sont responsables de l&rsquo;achat des produits, mais ne sont g\u00e9n\u00e9ralement pas impliqu\u00e9s dans la mani\u00e8re dont les mat\u00e9riaux et les ressources sont utilis\u00e9s ou \u00e9limin\u00e9s. <\/span><\/p>\n\t\t\t\t\t\t\t\t<\/div>\n\t\t\t\t<\/div>\n\t\t\t\t\t<\/div>\n\t\t\t\t<\/div>\n\t\t<div data-dce-background-color=\"#F2F2F2\" class=\"elementor-element elementor-element-412bec21 e-flex e-con-boxed e-con e-parent\" data-id=\"412bec21\" data-element_type=\"container\" data-e-type=\"container\" data-settings=\"{&quot;background_background&quot;:&quot;classic&quot;}\">\n\t\t\t\t\t<div class=\"e-con-inner\">\n\t\t<div class=\"elementor-element elementor-element-4a3606bb e-con-full e-flex e-con e-child\" data-id=\"4a3606bb\" data-element_type=\"container\" data-e-type=\"container\">\n\t\t<div class=\"elementor-element elementor-element-7d95673b e-con-full e-flex e-con e-child\" data-id=\"7d95673b\" data-element_type=\"container\" data-e-type=\"container\">\n\t\t\t\t<div class=\"elementor-element elementor-element-2a651ff5 elementor-widget elementor-widget-text-editor\" data-id=\"2a651ff5\" data-element_type=\"widget\" data-e-type=\"widget\" data-widget_type=\"text-editor.default\">\n\t\t\t\t<div class=\"elementor-widget-container\">\n\t\t\t\t\t\t\t\t\t<p>D\u00e9fi<\/p>\n\t\t\t\t\t\t\t\t<\/div>\n\t\t\t\t<\/div>\n\t\t\t\t<div class=\"elementor-element elementor-element-39ab913c elementor-widget elementor-widget-text-editor\" data-id=\"39ab913c\" data-element_type=\"widget\" data-e-type=\"widget\" data-widget_type=\"text-editor.default\">\n\t\t\t\t<div class=\"elementor-widget-container\">\n\t\t\t\t\t\t\t\t\t<p><span style=\"font-weight: 400;\">La r\u00e9gion de la mer du Nord est confront\u00e9e \u00e0 une importante crise des d\u00e9chets et \u00e0 l&rsquo;escalade des co\u00fbts associ\u00e9s \u00e0 l&rsquo;acquisition de nouveaux mat\u00e9riaux. Dans ce contexte, l&rsquo;adoption de march\u00e9s publics circulaires appara\u00eet comme une solution efficace. Les autorit\u00e9s publiques de l&rsquo;UE consacrant chaque ann\u00e9e 14 % de leur PIB aux march\u00e9s publics (soit 1,9 billion d&rsquo;euros), il existe une opportunit\u00e9 directe de canaliser les investissements vers l&rsquo;\u00e9conomie circulaire. Cette approche strat\u00e9gique permet non seulement de relever le d\u00e9fi de la crise des d\u00e9chets, mais aussi de prendre des mesures proactives pour att\u00e9nuer la crise de l&rsquo;eau dans la r\u00e9gion, favorisant ainsi la durabilit\u00e9 et la r\u00e9silience.   <\/span><\/p>\n\t\t\t\t\t\t\t\t<\/div>\n\t\t\t\t<\/div>\n\t\t\t\t<\/div>\n\t\t<div class=\"elementor-element elementor-element-469c7a99 e-con-full e-flex e-con e-child\" data-id=\"469c7a99\" data-element_type=\"container\" data-e-type=\"container\">\n\t\t\t\t<div class=\"elementor-element elementor-element-7b91f4cd dce_masking-none elementor-widget elementor-widget-image\" data-id=\"7b91f4cd\" data-element_type=\"widget\" data-e-type=\"widget\" data-widget_type=\"image.default\">\n\t\t\t\t<div class=\"elementor-widget-container\">\n\t\t\t\t\t\t\t\t\t\t\t\t\t\t\t<img fetchpriority=\"high\" decoding=\"async\" width=\"2560\" height=\"1707\" src=\"https:\/\/baxcompany.com\/wp-content\/uploads\/2024\/06\/procirc-challenge-scaled.jpg\" class=\"attachment-full size-full wp-image-9175\" alt=\"\" srcset=\"https:\/\/baxcompany.com\/wp-content\/uploads\/2024\/06\/procirc-challenge-scaled.jpg 2560w, https:\/\/baxcompany.com\/wp-content\/uploads\/2024\/06\/procirc-challenge-300x200.jpg 300w, https:\/\/baxcompany.com\/wp-content\/uploads\/2024\/06\/procirc-challenge-1024x683.jpg 1024w, https:\/\/baxcompany.com\/wp-content\/uploads\/2024\/06\/procirc-challenge-768x512.jpg 768w, https:\/\/baxcompany.com\/wp-content\/uploads\/2024\/06\/procirc-challenge-1536x1024.jpg 1536w, https:\/\/baxcompany.com\/wp-content\/uploads\/2024\/06\/procirc-challenge-2048x1365.jpg 2048w\" sizes=\"(max-width: 2560px) 100vw, 2560px\" \/>\t\t\t\t\t\t\t\t\t\t\t\t\t\t\t<\/div>\n\t\t\t\t<\/div>\n\t\t\t\t<\/div>\n\t\t\t\t<\/div>\n\t\t<div class=\"elementor-element elementor-element-2a3fb252 e-con-full e-flex e-con e-child\" data-id=\"2a3fb252\" data-element_type=\"container\" data-e-type=\"container\">\n\t\t<div class=\"elementor-element elementor-element-62624be9 e-con-full e-flex e-con e-child\" data-id=\"62624be9\" data-element_type=\"container\" data-e-type=\"container\">\n\t\t\t\t<div class=\"elementor-element elementor-element-3a482abc dce_masking-none elementor-widget elementor-widget-image\" data-id=\"3a482abc\" data-element_type=\"widget\" data-e-type=\"widget\" data-widget_type=\"image.default\">\n\t\t\t\t<div class=\"elementor-widget-container\">\n\t\t\t\t\t\t\t\t\t\t\t\t\t\t\t<img decoding=\"async\" width=\"2560\" height=\"1707\" src=\"https:\/\/baxcompany.com\/wp-content\/uploads\/2024\/06\/procirc-approach-scaled.jpg\" class=\"attachment-full size-full wp-image-9185\" alt=\"\" srcset=\"https:\/\/baxcompany.com\/wp-content\/uploads\/2024\/06\/procirc-approach-scaled.jpg 2560w, https:\/\/baxcompany.com\/wp-content\/uploads\/2024\/06\/procirc-approach-300x200.jpg 300w, https:\/\/baxcompany.com\/wp-content\/uploads\/2024\/06\/procirc-approach-1024x683.jpg 1024w, https:\/\/baxcompany.com\/wp-content\/uploads\/2024\/06\/procirc-approach-768x512.jpg 768w, https:\/\/baxcompany.com\/wp-content\/uploads\/2024\/06\/procirc-approach-1536x1024.jpg 1536w, https:\/\/baxcompany.com\/wp-content\/uploads\/2024\/06\/procirc-approach-2048x1365.jpg 2048w\" sizes=\"(max-width: 2560px) 100vw, 2560px\" \/>\t\t\t\t\t\t\t\t\t\t\t\t\t\t\t<\/div>\n\t\t\t\t<\/div>\n\t\t\t\t<\/div>\n\t\t<div class=\"elementor-element elementor-element-19c14948 e-con-full e-flex e-con e-child\" data-id=\"19c14948\" data-element_type=\"container\" data-e-type=\"container\">\n\t\t\t\t<div class=\"elementor-element elementor-element-63468f00 elementor-widget elementor-widget-text-editor\" data-id=\"63468f00\" data-element_type=\"widget\" data-e-type=\"widget\" data-widget_type=\"text-editor.default\">\n\t\t\t\t<div class=\"elementor-widget-container\">\n\t\t\t\t\t\t\t\t\t<p>Approche<\/p>\n\t\t\t\t\t\t\t\t<\/div>\n\t\t\t\t<\/div>\n\t\t\t\t<div class=\"elementor-element elementor-element-81e27bc elementor-widget elementor-widget-text-editor\" data-id=\"81e27bc\" data-element_type=\"widget\" data-e-type=\"widget\" data-widget_type=\"text-editor.default\">\n\t\t\t\t<div class=\"elementor-widget-container\">\n\t\t\t\t\t\t\t\t\t<p><span style=\"font-weight: 400;\">Bax a travaill\u00e9 avec des villes et des organisations du secteur priv\u00e9 dans le cadre du projet ProCirc afin d&rsquo;identifier, d&rsquo;exp\u00e9rimenter et de prouver comment l&rsquo;approvisionnement circulaire pouvait contribuer \u00e0 r\u00e9duire l&rsquo;utilisation de mat\u00e9riaux vierges, les \u00e9missions et les d\u00e9chets dans des secteurs tels que la construction et les infrastructures, le mobilier, les TIC et les textiles.<\/span><\/p>\n\t\t\t\t\t\t\t\t<\/div>\n\t\t\t\t<\/div>\n\t\t\t\t<\/div>\n\t\t\t\t<\/div>\n\t\t<div class=\"elementor-element elementor-element-6021724 e-con-full e-flex e-con e-child\" data-id=\"6021724\" data-element_type=\"container\" data-e-type=\"container\">\n\t\t<div class=\"elementor-element elementor-element-4b18c74d e-con-full e-flex e-con e-child\" data-id=\"4b18c74d\" data-element_type=\"container\" data-e-type=\"container\">\n\t\t\t\t<div class=\"elementor-element elementor-element-520bc256 elementor-widget elementor-widget-text-editor\" data-id=\"520bc256\" data-element_type=\"widget\" data-e-type=\"widget\" data-widget_type=\"text-editor.default\">\n\t\t\t\t<div class=\"elementor-widget-container\">\n\t\t\t\t\t\t\t\t\t<p>Impact<\/p>\n\t\t\t\t\t\t\t\t<\/div>\n\t\t\t\t<\/div>\n\t\t\t\t<div class=\"elementor-element elementor-element-457690f9 elementor-widget elementor-widget-text-editor\" data-id=\"457690f9\" data-element_type=\"widget\" data-e-type=\"widget\" data-widget_type=\"text-editor.default\">\n\t\t\t\t<div class=\"elementor-widget-container\">\n\t\t\t\t\t\t\t\t\t<p>ProCirc a r\u00e9uni 8 organisations du secteur public et 3 organisations du secteur priv\u00e9, tirant parti de plus de 30 projets pilotes d&rsquo;approvisionnement circulaire d&rsquo;une valeur combin\u00e9e de 40 millions d&rsquo;euros. Chaque projet pilote visait \u00e0 r\u00e9duire de 20 \u00e0 25 % les mat\u00e9riaux vierges, les d\u00e9chets et les \u00e9missions de CO2. <\/p>\n\t\t\t\t\t\t\t\t<\/div>\n\t\t\t\t<\/div>\n\t\t\t\t<\/div>\n\t\t\t\t<\/div>\n\t\t<div class=\"elementor-element elementor-element-26cda6e3 e-flex e-con-boxed e-con e-child\" data-id=\"26cda6e3\" data-element_type=\"container\" data-e-type=\"container\">\n\t\t\t\t\t<div class=\"e-con-inner\">\n\t\t<div class=\"elementor-element elementor-element-72813134 e-con-full e-flex e-con e-child\" data-id=\"72813134\" data-element_type=\"container\" data-e-type=\"container\">\n\t\t\t\t<div class=\"elementor-element elementor-element-7f0dfe45 elementor-widget elementor-widget-counter\" data-id=\"7f0dfe45\" data-element_type=\"widget\" data-e-type=\"widget\" data-widget_type=\"counter.default\">\n\t\t\t\t<div class=\"elementor-widget-container\">\n\t\t\t\t\t\t\t<div class=\"elementor-counter\">\n\t\t\t<div class=\"elementor-counter-title\">pilotes d'achats circulaires<\/div>\t\t\t<div class=\"elementor-counter-number-wrapper\">\n\t\t\t\t<span class=\"elementor-counter-number-prefix\"><\/span>\n\t\t\t\t<span class=\"elementor-counter-number\" data-duration=\"2000\" data-to-value=\"30\" data-from-value=\"0\">0<\/span>\n\t\t\t\t<span class=\"elementor-counter-number-suffix\">+<\/span>\n\t\t\t<\/div>\n\t\t<\/div>\n\t\t\t\t\t\t<\/div>\n\t\t\t\t<\/div>\n\t\t\t\t<\/div>\n\t\t<div class=\"elementor-element elementor-element-679d0f53 e-con-full e-flex e-con e-child\" data-id=\"679d0f53\" data-element_type=\"container\" data-e-type=\"container\">\n\t\t\t\t<div class=\"elementor-element elementor-element-77da5f88 elementor-widget elementor-widget-counter\" data-id=\"77da5f88\" data-element_type=\"widget\" data-e-type=\"widget\" data-widget_type=\"counter.default\">\n\t\t\t\t<div class=\"elementor-widget-container\">\n\t\t\t\t\t\t\t<div class=\"elementor-counter\">\n\t\t\t<div class=\"elementor-counter-title\">valeur combin\u00e9e des pilotes<\/div>\t\t\t<div class=\"elementor-counter-number-wrapper\">\n\t\t\t\t<span class=\"elementor-counter-number-prefix\">\u20ac<\/span>\n\t\t\t\t<span class=\"elementor-counter-number\" data-duration=\"2000\" data-to-value=\"40\" data-from-value=\"0\">0<\/span>\n\t\t\t\t<span class=\"elementor-counter-number-suffix\">M<\/span>\n\t\t\t<\/div>\n\t\t<\/div>\n\t\t\t\t\t\t<\/div>\n\t\t\t\t<\/div>\n\t\t\t\t<\/div>\n\t\t<div class=\"elementor-element elementor-element-4ef7883e e-con-full e-flex e-con e-child\" data-id=\"4ef7883e\" data-element_type=\"container\" data-e-type=\"container\">\n\t\t\t\t<div class=\"elementor-element elementor-element-53fce795 elementor-widget elementor-widget-counter\" data-id=\"53fce795\" data-element_type=\"widget\" data-e-type=\"widget\" data-widget_type=\"counter.default\">\n\t\t\t\t<div class=\"elementor-widget-container\">\n\t\t\t\t\t\t\t<div class=\"elementor-counter\">\n\t\t\t<div class=\"elementor-counter-title\">les organisations des secteurs public et priv\u00e9<\/div>\t\t\t<div class=\"elementor-counter-number-wrapper\">\n\t\t\t\t<span class=\"elementor-counter-number-prefix\"><\/span>\n\t\t\t\t<span class=\"elementor-counter-number\" data-duration=\"2000\" data-to-value=\"11\" data-from-value=\"0\">0<\/span>\n\t\t\t\t<span class=\"elementor-counter-number-suffix\"><\/span>\n\t\t\t<\/div>\n\t\t<\/div>\n\t\t\t\t\t\t<\/div>\n\t\t\t\t<\/div>\n\t\t\t\t<\/div>\n\t\t\t\t\t<\/div>\n\t\t\t\t<\/div>\n\t\t\t\t\t<\/div>\n\t\t\t\t<\/div>\n\t\t\t\t<\/div>\n\t\t","protected":false},"featured_media":9195,"template":"","country":[],"service":[188,191,199],"topic":[211,239],"class_list":["post-14472","case","type-case","status-publish","has-post-thumbnail","hentry","service-conseil-axe-sur-la-connaissance","service-constitution-dalliances","service-deploiement-pilote","topic-circulaire","topic-materiaux"],"acf":[],"yoast_head":"<!-- This site is optimized with the Yoast SEO plugin v27.5 - https:\/\/yoast.com\/product\/yoast-seo-wordpress\/ -->\n<title>Acc\u00e9l\u00e9rer l&#039;\u00e9conomie circulaire gr\u00e2ce au pouvoir d&#039;achat, aux alliances et au renforcement des capacit\u00e9s - Bax<\/title>\n<meta name=\"description\" content=\"Bax a travaill\u00e9 avec des villes et des organisations du secteur priv\u00e9 dans le cadre du projet ProCirc afin d&#039;identifier, d&#039;exp\u00e9rimenter et de prouver comment l&#039;approvisionnement circulaire pouvait contribuer \u00e0 r\u00e9duire l&#039;utilisation de mat\u00e9riaux vierges, les \u00e9missions et les d\u00e9chets dans des secteurs tels que la construction et l&#039;infrastructure, le mobilier, les TIC et le textile.\" \/>\n<meta name=\"robots\" content=\"index, follow, max-snippet:-1, max-image-preview:large, max-video-preview:-1\" \/>\n<link rel=\"canonical\" href=\"https:\/\/baxcompany.com\/fr\/case\/accelerer-leconomie-circulaire-grace-au-pouvoir-dachat-aux-alliances-et-au-renforcement-des-capacites\/\" \/>\n<meta property=\"og:locale\" content=\"fr_FR\" \/>\n<meta property=\"og:type\" content=\"article\" \/>\n<meta property=\"og:title\" content=\"Acc\u00e9l\u00e9rer l&#039;\u00e9conomie circulaire gr\u00e2ce au pouvoir d&#039;achat, aux alliances et au renforcement des capacit\u00e9s - Bax\" \/>\n<meta property=\"og:description\" content=\"Bax a travaill\u00e9 avec des villes et des organisations du secteur priv\u00e9 dans le cadre du projet ProCirc afin d&#039;identifier, d&#039;exp\u00e9rimenter et de prouver comment l&#039;approvisionnement circulaire pouvait contribuer \u00e0 r\u00e9duire l&#039;utilisation de mat\u00e9riaux vierges, les \u00e9missions et les d\u00e9chets dans des secteurs tels que la construction et l&#039;infrastructure, le mobilier, les TIC et le textile.\" \/>\n<meta property=\"og:url\" content=\"https:\/\/baxcompany.com\/fr\/case\/accelerer-leconomie-circulaire-grace-au-pouvoir-dachat-aux-alliances-et-au-renforcement-des-capacites\/\" \/>\n<meta property=\"og:site_name\" content=\"Bax\" \/>\n<meta property=\"article:modified_time\" content=\"2025-01-08T08:42:41+00:00\" \/>\n<meta property=\"og:image\" content=\"https:\/\/baxcompany.com\/wp-content\/uploads\/2024\/06\/procirc-header-1-1-scaled.jpg\" \/>\n\t<meta property=\"og:image:width\" content=\"2560\" \/>\n\t<meta property=\"og:image:height\" content=\"1348\" \/>\n\t<meta property=\"og:image:type\" content=\"image\/jpeg\" \/>\n<meta name=\"twitter:card\" content=\"summary_large_image\" \/>\n<meta name=\"twitter:label1\" content=\"Dur\u00e9e de lecture estim\u00e9e\" \/>\n\t<meta name=\"twitter:data1\" content=\"2 minutes\" \/>\n<script type=\"application\/ld+json\" class=\"yoast-schema-graph\">{\"@context\":\"https:\\\/\\\/schema.org\",\"@graph\":[{\"@type\":\"WebPage\",\"@id\":\"https:\\\/\\\/baxcompany.com\\\/fr\\\/case\\\/accelerer-leconomie-circulaire-grace-au-pouvoir-dachat-aux-alliances-et-au-renforcement-des-capacites\\\/\",\"url\":\"https:\\\/\\\/baxcompany.com\\\/fr\\\/case\\\/accelerer-leconomie-circulaire-grace-au-pouvoir-dachat-aux-alliances-et-au-renforcement-des-capacites\\\/\",\"name\":\"Acc\u00e9l\u00e9rer l'\u00e9conomie circulaire gr\u00e2ce au pouvoir d'achat, aux alliances et au renforcement des capacit\u00e9s - Bax\",\"isPartOf\":{\"@id\":\"https:\\\/\\\/baxcompany.com\\\/fr\\\/#website\"},\"primaryImageOfPage\":{\"@id\":\"https:\\\/\\\/baxcompany.com\\\/fr\\\/case\\\/accelerer-leconomie-circulaire-grace-au-pouvoir-dachat-aux-alliances-et-au-renforcement-des-capacites\\\/#primaryimage\"},\"image\":{\"@id\":\"https:\\\/\\\/baxcompany.com\\\/fr\\\/case\\\/accelerer-leconomie-circulaire-grace-au-pouvoir-dachat-aux-alliances-et-au-renforcement-des-capacites\\\/#primaryimage\"},\"thumbnailUrl\":\"https:\\\/\\\/baxcompany.com\\\/wp-content\\\/uploads\\\/2024\\\/06\\\/procirc-header-1-1-scaled.jpg\",\"datePublished\":\"2019-12-14T15:42:00+00:00\",\"dateModified\":\"2025-01-08T08:42:41+00:00\",\"description\":\"Bax a travaill\u00e9 avec des villes et des organisations du secteur priv\u00e9 dans le cadre du projet ProCirc afin d'identifier, d'exp\u00e9rimenter et de prouver comment l'approvisionnement circulaire pouvait contribuer \u00e0 r\u00e9duire l'utilisation de mat\u00e9riaux vierges, les \u00e9missions et les d\u00e9chets dans des secteurs tels que la construction et l'infrastructure, le mobilier, les TIC et le textile.\",\"breadcrumb\":{\"@id\":\"https:\\\/\\\/baxcompany.com\\\/fr\\\/case\\\/accelerer-leconomie-circulaire-grace-au-pouvoir-dachat-aux-alliances-et-au-renforcement-des-capacites\\\/#breadcrumb\"},\"inLanguage\":\"fr-FR\",\"potentialAction\":[{\"@type\":\"ReadAction\",\"target\":[\"https:\\\/\\\/baxcompany.com\\\/fr\\\/case\\\/accelerer-leconomie-circulaire-grace-au-pouvoir-dachat-aux-alliances-et-au-renforcement-des-capacites\\\/\"]}]},{\"@type\":\"ImageObject\",\"inLanguage\":\"fr-FR\",\"@id\":\"https:\\\/\\\/baxcompany.com\\\/fr\\\/case\\\/accelerer-leconomie-circulaire-grace-au-pouvoir-dachat-aux-alliances-et-au-renforcement-des-capacites\\\/#primaryimage\",\"url\":\"https:\\\/\\\/baxcompany.com\\\/wp-content\\\/uploads\\\/2024\\\/06\\\/procirc-header-1-1-scaled.jpg\",\"contentUrl\":\"https:\\\/\\\/baxcompany.com\\\/wp-content\\\/uploads\\\/2024\\\/06\\\/procirc-header-1-1-scaled.jpg\",\"width\":2560,\"height\":1348,\"caption\":\"Two interracial builders in workwear discussing sketch of new building at construction site while standing inside unfinished concrete structure\"},{\"@type\":\"BreadcrumbList\",\"@id\":\"https:\\\/\\\/baxcompany.com\\\/fr\\\/case\\\/accelerer-leconomie-circulaire-grace-au-pouvoir-dachat-aux-alliances-et-au-renforcement-des-capacites\\\/#breadcrumb\",\"itemListElement\":[{\"@type\":\"ListItem\",\"position\":1,\"name\":\"Home\",\"item\":\"https:\\\/\\\/baxcompany.com\\\/fr\\\/home\\\/\"},{\"@type\":\"ListItem\",\"position\":2,\"name\":\"Acc\u00e9l\u00e9rer l&#8217;\u00e9conomie circulaire gr\u00e2ce au pouvoir d&#8217;achat, aux alliances et au renforcement des capacit\u00e9s\"}]},{\"@type\":\"WebSite\",\"@id\":\"https:\\\/\\\/baxcompany.com\\\/fr\\\/#website\",\"url\":\"https:\\\/\\\/baxcompany.com\\\/fr\\\/\",\"name\":\"Bax\",\"description\":\"Innovation consultancy specialising in pilots, funding and collaborations\",\"publisher\":{\"@id\":\"https:\\\/\\\/baxcompany.com\\\/fr\\\/#organization\"},\"potentialAction\":[{\"@type\":\"SearchAction\",\"target\":{\"@type\":\"EntryPoint\",\"urlTemplate\":\"https:\\\/\\\/baxcompany.com\\\/fr\\\/?s={search_term_string}\"},\"query-input\":{\"@type\":\"PropertyValueSpecification\",\"valueRequired\":true,\"valueName\":\"search_term_string\"}}],\"inLanguage\":\"fr-FR\"},{\"@type\":\"Organization\",\"@id\":\"https:\\\/\\\/baxcompany.com\\\/fr\\\/#organization\",\"name\":\"Bax\",\"url\":\"https:\\\/\\\/baxcompany.com\\\/fr\\\/\",\"logo\":{\"@type\":\"ImageObject\",\"inLanguage\":\"fr-FR\",\"@id\":\"https:\\\/\\\/baxcompany.com\\\/fr\\\/#\\\/schema\\\/logo\\\/image\\\/\",\"url\":\"https:\\\/\\\/baxcompany.com\\\/wp-content\\\/uploads\\\/2024\\\/05\\\/cropped-Bax-favicon.png\",\"contentUrl\":\"https:\\\/\\\/baxcompany.com\\\/wp-content\\\/uploads\\\/2024\\\/05\\\/cropped-Bax-favicon.png\",\"width\":512,\"height\":512,\"caption\":\"Bax\"},\"image\":{\"@id\":\"https:\\\/\\\/baxcompany.com\\\/fr\\\/#\\\/schema\\\/logo\\\/image\\\/\"}}]}<\/script>\n<!-- \/ Yoast SEO plugin. -->","yoast_head_json":{"title":"Acc\u00e9l\u00e9rer l'\u00e9conomie circulaire gr\u00e2ce au pouvoir d'achat, aux alliances et au renforcement des capacit\u00e9s - Bax","description":"Bax a travaill\u00e9 avec des villes et des organisations du secteur priv\u00e9 dans le cadre du projet ProCirc afin d'identifier, d'exp\u00e9rimenter et de prouver comment l'approvisionnement circulaire pouvait contribuer \u00e0 r\u00e9duire l'utilisation de mat\u00e9riaux vierges, les \u00e9missions et les d\u00e9chets dans des secteurs tels que la construction et l'infrastructure, le mobilier, les TIC et le textile.","robots":{"index":"index","follow":"follow","max-snippet":"max-snippet:-1","max-image-preview":"max-image-preview:large","max-video-preview":"max-video-preview:-1"},"canonical":"https:\/\/baxcompany.com\/fr\/case\/accelerer-leconomie-circulaire-grace-au-pouvoir-dachat-aux-alliances-et-au-renforcement-des-capacites\/","og_locale":"fr_FR","og_type":"article","og_title":"Acc\u00e9l\u00e9rer l'\u00e9conomie circulaire gr\u00e2ce au pouvoir d'achat, aux alliances et au renforcement des capacit\u00e9s - Bax","og_description":"Bax a travaill\u00e9 avec des villes et des organisations du secteur priv\u00e9 dans le cadre du projet ProCirc afin d'identifier, d'exp\u00e9rimenter et de prouver comment l'approvisionnement circulaire pouvait contribuer \u00e0 r\u00e9duire l'utilisation de mat\u00e9riaux vierges, les \u00e9missions et les d\u00e9chets dans des secteurs tels que la construction et l'infrastructure, le mobilier, les TIC et le textile.","og_url":"https:\/\/baxcompany.com\/fr\/case\/accelerer-leconomie-circulaire-grace-au-pouvoir-dachat-aux-alliances-et-au-renforcement-des-capacites\/","og_site_name":"Bax","article_modified_time":"2025-01-08T08:42:41+00:00","og_image":[{"width":2560,"height":1348,"url":"https:\/\/baxcompany.com\/wp-content\/uploads\/2024\/06\/procirc-header-1-1-scaled.jpg","type":"image\/jpeg"}],"twitter_card":"summary_large_image","twitter_misc":{"Dur\u00e9e de lecture estim\u00e9e":"2 minutes"},"schema":{"@context":"https:\/\/schema.org","@graph":[{"@type":"WebPage","@id":"https:\/\/baxcompany.com\/fr\/case\/accelerer-leconomie-circulaire-grace-au-pouvoir-dachat-aux-alliances-et-au-renforcement-des-capacites\/","url":"https:\/\/baxcompany.com\/fr\/case\/accelerer-leconomie-circulaire-grace-au-pouvoir-dachat-aux-alliances-et-au-renforcement-des-capacites\/","name":"Acc\u00e9l\u00e9rer l'\u00e9conomie circulaire gr\u00e2ce au pouvoir d'achat, aux alliances et au renforcement des capacit\u00e9s - Bax","isPartOf":{"@id":"https:\/\/baxcompany.com\/fr\/#website"},"primaryImageOfPage":{"@id":"https:\/\/baxcompany.com\/fr\/case\/accelerer-leconomie-circulaire-grace-au-pouvoir-dachat-aux-alliances-et-au-renforcement-des-capacites\/#primaryimage"},"image":{"@id":"https:\/\/baxcompany.com\/fr\/case\/accelerer-leconomie-circulaire-grace-au-pouvoir-dachat-aux-alliances-et-au-renforcement-des-capacites\/#primaryimage"},"thumbnailUrl":"https:\/\/baxcompany.com\/wp-content\/uploads\/2024\/06\/procirc-header-1-1-scaled.jpg","datePublished":"2019-12-14T15:42:00+00:00","dateModified":"2025-01-08T08:42:41+00:00","description":"Bax a travaill\u00e9 avec des villes et des organisations du secteur priv\u00e9 dans le cadre du projet ProCirc afin d'identifier, d'exp\u00e9rimenter et de prouver comment l'approvisionnement circulaire pouvait contribuer \u00e0 r\u00e9duire l'utilisation de mat\u00e9riaux vierges, les \u00e9missions et les d\u00e9chets dans des secteurs tels que la construction et l'infrastructure, le mobilier, les TIC et le textile.","breadcrumb":{"@id":"https:\/\/baxcompany.com\/fr\/case\/accelerer-leconomie-circulaire-grace-au-pouvoir-dachat-aux-alliances-et-au-renforcement-des-capacites\/#breadcrumb"},"inLanguage":"fr-FR","potentialAction":[{"@type":"ReadAction","target":["https:\/\/baxcompany.com\/fr\/case\/accelerer-leconomie-circulaire-grace-au-pouvoir-dachat-aux-alliances-et-au-renforcement-des-capacites\/"]}]},{"@type":"ImageObject","inLanguage":"fr-FR","@id":"https:\/\/baxcompany.com\/fr\/case\/accelerer-leconomie-circulaire-grace-au-pouvoir-dachat-aux-alliances-et-au-renforcement-des-capacites\/#primaryimage","url":"https:\/\/baxcompany.com\/wp-content\/uploads\/2024\/06\/procirc-header-1-1-scaled.jpg","contentUrl":"https:\/\/baxcompany.com\/wp-content\/uploads\/2024\/06\/procirc-header-1-1-scaled.jpg","width":2560,"height":1348,"caption":"Two interracial builders in workwear discussing sketch of new building at construction site while standing inside unfinished concrete structure"},{"@type":"BreadcrumbList","@id":"https:\/\/baxcompany.com\/fr\/case\/accelerer-leconomie-circulaire-grace-au-pouvoir-dachat-aux-alliances-et-au-renforcement-des-capacites\/#breadcrumb","itemListElement":[{"@type":"ListItem","position":1,"name":"Home","item":"https:\/\/baxcompany.com\/fr\/home\/"},{"@type":"ListItem","position":2,"name":"Acc\u00e9l\u00e9rer l&#8217;\u00e9conomie circulaire gr\u00e2ce au pouvoir d&#8217;achat, aux alliances et au renforcement des capacit\u00e9s"}]},{"@type":"WebSite","@id":"https:\/\/baxcompany.com\/fr\/#website","url":"https:\/\/baxcompany.com\/fr\/","name":"Bax","description":"Innovation consultancy specialising in pilots, funding and collaborations","publisher":{"@id":"https:\/\/baxcompany.com\/fr\/#organization"},"potentialAction":[{"@type":"SearchAction","target":{"@type":"EntryPoint","urlTemplate":"https:\/\/baxcompany.com\/fr\/?s={search_term_string}"},"query-input":{"@type":"PropertyValueSpecification","valueRequired":true,"valueName":"search_term_string"}}],"inLanguage":"fr-FR"},{"@type":"Organization","@id":"https:\/\/baxcompany.com\/fr\/#organization","name":"Bax","url":"https:\/\/baxcompany.com\/fr\/","logo":{"@type":"ImageObject","inLanguage":"fr-FR","@id":"https:\/\/baxcompany.com\/fr\/#\/schema\/logo\/image\/","url":"https:\/\/baxcompany.com\/wp-content\/uploads\/2024\/05\/cropped-Bax-favicon.png","contentUrl":"https:\/\/baxcompany.com\/wp-content\/uploads\/2024\/05\/cropped-Bax-favicon.png","width":512,"height":512,"caption":"Bax"},"image":{"@id":"https:\/\/baxcompany.com\/fr\/#\/schema\/logo\/image\/"}}]}},"jetpack_sharing_enabled":true,"_links":{"self":[{"href":"https:\/\/baxcompany.com\/fr\/wp-json\/wp\/v2\/case\/14472","targetHints":{"allow":["GET"]}}],"collection":[{"href":"https:\/\/baxcompany.com\/fr\/wp-json\/wp\/v2\/case"}],"about":[{"href":"https:\/\/baxcompany.com\/fr\/wp-json\/wp\/v2\/types\/case"}],"version-history":[{"count":1,"href":"https:\/\/baxcompany.com\/fr\/wp-json\/wp\/v2\/case\/14472\/revisions"}],"predecessor-version":[{"id":14474,"href":"https:\/\/baxcompany.com\/fr\/wp-json\/wp\/v2\/case\/14472\/revisions\/14474"}],"wp:featuredmedia":[{"embeddable":true,"href":"https:\/\/baxcompany.com\/fr\/wp-json\/wp\/v2\/media\/9195"}],"wp:attachment":[{"href":"https:\/\/baxcompany.com\/fr\/wp-json\/wp\/v2\/media?parent=14472"}],"wp:term":[{"taxonomy":"country","embeddable":true,"href":"https:\/\/baxcompany.com\/fr\/wp-json\/wp\/v2\/country?post=14472"},{"taxonomy":"service","embeddable":true,"href":"https:\/\/baxcompany.com\/fr\/wp-json\/wp\/v2\/service?post=14472"},{"taxonomy":"topic","embeddable":true,"href":"https:\/\/baxcompany.com\/fr\/wp-json\/wp\/v2\/topic?post=14472"}],"curies":[{"name":"wp","href":"https:\/\/api.w.org\/{rel}","templated":true}]}}