{"id":20176,"date":"2026-01-07T18:00:06","date_gmt":"2026-01-07T17:00:06","guid":{"rendered":"https:\/\/baxcompany.com\/case\/promouvoir-une-mobilite-multimodale-et-innovante-dans-la-region-de-hanovre\/"},"modified":"2026-01-14T11:21:38","modified_gmt":"2026-01-14T10:21:38","slug":"promouvoir-une-mobilite-multimodale-et-innovante-dans-la-region-de-hanovre","status":"publish","type":"case","link":"https:\/\/baxcompany.com\/fr\/case\/promouvoir-une-mobilite-multimodale-et-innovante-dans-la-region-de-hanovre\/","title":{"rendered":"Promouvoir une mobilit\u00e9 multimodale et innovante dans la r\u00e9gion de Hanovre"},"content":{"rendered":"\t\t<div data-elementor-type=\"wp-post\" data-elementor-id=\"20176\" class=\"elementor elementor-20176 elementor-20119\" data-elementor-post-type=\"case\">\n\t\t\t\t<div class=\"elementor-element elementor-element-2022d468 e-flex e-con-boxed e-con e-parent\" data-id=\"2022d468\" data-element_type=\"container\" data-e-type=\"container\">\n\t\t\t\t\t<div class=\"e-con-inner\">\n\t\t\t\t<div class=\"elementor-element elementor-element-22ddd127 elementor-widget elementor-widget-text-editor\" data-id=\"22ddd127\" data-element_type=\"widget\" data-e-type=\"widget\" data-widget_type=\"text-editor.default\">\n\t\t\t\t<div class=\"elementor-widget-container\">\n\t\t\t\t\t\t\t\t\t<p><strong>Client :<\/strong> R\u00e9gion de Hanovre<\/p>\n<p><strong>Date :<\/strong> 2025-2029<\/p>\n<p> <strong>Lieu :<\/strong> Hanovre, Allemagne<\/p>\n\t\t\t\t\t\t\t\t<\/div>\n\t\t\t\t<\/div>\n\t\t\t\t\t<\/div>\n\t\t\t\t<\/div>\n\t\t<div class=\"elementor-element elementor-element-4b810fe8 e-flex e-con-boxed e-con e-parent\" data-id=\"4b810fe8\" data-element_type=\"container\" data-e-type=\"container\">\n\t\t\t\t\t<div class=\"e-con-inner\">\n\t\t\t\t<div class=\"elementor-element elementor-element-3a392334 elementor-widget elementor-widget-text-editor\" data-id=\"3a392334\" data-element_type=\"widget\" data-e-type=\"widget\" data-widget_type=\"text-editor.default\">\n\t\t\t\t<div class=\"elementor-widget-container\">\n\t\t\t\t\t\t\t\t\t<p>La r\u00e9gion de Hanovre a pour objectif de rendre ses syst\u00e8mes de transport public plus accessibles, durables et attractifs pour ses plus de 1,1 million d&rsquo;habitants.<\/p>\n<p>Cette ambition s&rsquo;est concr\u00e9tis\u00e9e dans le plan de d\u00e9veloppement de la mobilit\u00e9 de la r\u00e9gion \u00ab Aktionsplan Verkehrswende \u2013 VEP2035+ \u00bb, approuv\u00e9 \u00e0 une large majorit\u00e9 en juillet 2023, et qui comprenait l&rsquo;objectif de r\u00e9duire de 70 % les \u00e9missions de gaz \u00e0 effet de serre li\u00e9es aux transports d&rsquo;ici 2035.<\/p>\n<p>Pour concr\u00e9tiser ses ambitions, la r\u00e9gion de Hanovre s&rsquo;est associ\u00e9e \u00e0 Bax pour d\u00e9velopper le projet MIMS, qui signifie Multimodal Innovative Mobility System (Syst\u00e8me de mobilit\u00e9 innovant multimodal).<\/p>\n<p>Financ\u00e9 \u00e0 90 % par le programme ELENA de l&rsquo;UE, MIMS mettra en \u0153uvre la strat\u00e9gie VEP2035+ ; en planifiant et en pr\u00e9parant des investissements dans les transports \u00e0 la demande, les infrastructures cyclables, les bornes de recharge pour v\u00e9hicules \u00e9lectriques et les services de transport public dans toute la r\u00e9gion.<\/p>\n\t\t\t\t\t\t\t\t<\/div>\n\t\t\t\t<\/div>\n\t\t\t\t\t<\/div>\n\t\t\t\t<\/div>\n\t\t<div data-dce-background-color=\"#F2F2F2\" class=\"elementor-element elementor-element-5ad4272d e-con-full e-flex e-con e-parent\" data-id=\"5ad4272d\" data-element_type=\"container\" data-e-type=\"container\" data-settings=\"{&quot;background_background&quot;:&quot;classic&quot;}\">\n\t\t<div class=\"elementor-element elementor-element-4967c3b7 e-con-full e-flex e-con e-child\" data-id=\"4967c3b7\" data-element_type=\"container\" data-e-type=\"container\">\n\t\t<div class=\"elementor-element elementor-element-2697a242 e-con-full e-flex e-con e-child\" data-id=\"2697a242\" data-element_type=\"container\" data-e-type=\"container\">\n\t\t\t\t<div class=\"elementor-element elementor-element-5f2f016a elementor-widget elementor-widget-text-editor\" data-id=\"5f2f016a\" data-element_type=\"widget\" data-e-type=\"widget\" data-widget_type=\"text-editor.default\">\n\t\t\t\t<div class=\"elementor-widget-container\">\n\t\t\t\t\t\t\t\t\t<p>D\u00e9fi<\/p>\n\t\t\t\t\t\t\t\t<\/div>\n\t\t\t\t<\/div>\n\t\t\t\t<div class=\"elementor-element elementor-element-2184039e elementor-widget elementor-widget-text-editor\" data-id=\"2184039e\" data-element_type=\"widget\" data-e-type=\"widget\" data-widget_type=\"text-editor.default\">\n\t\t\t\t<div class=\"elementor-widget-container\">\n\t\t\t\t\t\t\t\t\t<p>Europe\u2019s transport sector produces over 23% of the continent\u2019s greenhouse gas emissions. In Germany, cutting transport emissions is especially challenging due to the country\u2019s strong car industry and the car-centric urban planning of the 1960s. The City of Hanover and its surrounding region are no exception, making the region\u2019s ambition to cut transport-related greenhouse gas emissions by 70% especially demanding. Reallocating car-dominated urban space requires major investment, construction and political backing, while new mobility solutions \u2013 from on-demand services and electrification to modern cycling infrastructure \u2013 must be planned in an integrated, coordinated way to offer real alternatives to car use.   <\/p>\n\t\t\t\t\t\t\t\t<\/div>\n\t\t\t\t<\/div>\n\t\t\t\t<\/div>\n\t\t<div class=\"elementor-element elementor-element-691ea2c2 e-con-full e-flex e-con e-child\" data-id=\"691ea2c2\" data-element_type=\"container\" data-e-type=\"container\">\n\t\t\t\t<div class=\"elementor-element elementor-element-65ffae86 dce_masking-none elementor-widget elementor-widget-image\" data-id=\"65ffae86\" data-element_type=\"widget\" data-e-type=\"widget\" data-widget_type=\"image.default\">\n\t\t\t\t<div class=\"elementor-widget-container\">\n\t\t\t\t\t\t\t\t\t\t\t\t\t\t\t<img fetchpriority=\"high\" decoding=\"async\" width=\"2121\" height=\"1414\" src=\"https:\/\/baxcompany.com\/wp-content\/uploads\/2026\/01\/iStock-998658830.jpg\" class=\"attachment-full size-full wp-image-20140\" alt=\"Photo of traffic jam in German city\" srcset=\"https:\/\/baxcompany.com\/wp-content\/uploads\/2026\/01\/iStock-998658830.jpg 2121w, https:\/\/baxcompany.com\/wp-content\/uploads\/2026\/01\/iStock-998658830-300x200.jpg 300w, https:\/\/baxcompany.com\/wp-content\/uploads\/2026\/01\/iStock-998658830-1024x683.jpg 1024w, https:\/\/baxcompany.com\/wp-content\/uploads\/2026\/01\/iStock-998658830-768x512.jpg 768w, https:\/\/baxcompany.com\/wp-content\/uploads\/2026\/01\/iStock-998658830-1536x1024.jpg 1536w, https:\/\/baxcompany.com\/wp-content\/uploads\/2026\/01\/iStock-998658830-2048x1365.jpg 2048w\" sizes=\"(max-width: 2121px) 100vw, 2121px\" \/>\t\t\t\t\t\t\t\t\t\t\t\t\t\t\t<\/div>\n\t\t\t\t<\/div>\n\t\t\t\t<\/div>\n\t\t\t\t<\/div>\n\t\t<div class=\"elementor-element elementor-element-2aacc0ca e-con-full e-flex e-con e-child\" data-id=\"2aacc0ca\" data-element_type=\"container\" data-e-type=\"container\">\n\t\t<div class=\"elementor-element elementor-element-6a581f59 e-con-full e-flex e-con e-child\" data-id=\"6a581f59\" data-element_type=\"container\" data-e-type=\"container\">\n\t\t\t\t<div class=\"elementor-element elementor-element-11f52747 dce_masking-none elementor-widget elementor-widget-image\" data-id=\"11f52747\" data-element_type=\"widget\" data-e-type=\"widget\" data-widget_type=\"image.default\">\n\t\t\t\t<div class=\"elementor-widget-container\">\n\t\t\t\t\t\t\t\t\t\t\t\t\t\t\t<img decoding=\"async\" width=\"2560\" height=\"1442\" src=\"https:\/\/baxcompany.com\/wp-content\/uploads\/2026\/01\/20251204_153042-scaled.jpg\" class=\"attachment-full size-full wp-image-20135\" alt=\"MIMS team stood in front of Albus bus\" srcset=\"https:\/\/baxcompany.com\/wp-content\/uploads\/2026\/01\/20251204_153042-scaled.jpg 2560w, https:\/\/baxcompany.com\/wp-content\/uploads\/2026\/01\/20251204_153042-300x169.jpg 300w, https:\/\/baxcompany.com\/wp-content\/uploads\/2026\/01\/20251204_153042-1024x577.jpg 1024w, https:\/\/baxcompany.com\/wp-content\/uploads\/2026\/01\/20251204_153042-768x432.jpg 768w, https:\/\/baxcompany.com\/wp-content\/uploads\/2026\/01\/20251204_153042-1536x865.jpg 1536w, https:\/\/baxcompany.com\/wp-content\/uploads\/2026\/01\/20251204_153042-2048x1153.jpg 2048w\" sizes=\"(max-width: 2560px) 100vw, 2560px\" \/>\t\t\t\t\t\t\t\t\t\t\t\t\t\t\t<\/div>\n\t\t\t\t<\/div>\n\t\t\t\t<\/div>\n\t\t<div class=\"elementor-element elementor-element-1f3580e3 e-con-full e-flex e-con e-child\" data-id=\"1f3580e3\" data-element_type=\"container\" data-e-type=\"container\">\n\t\t\t\t<div class=\"elementor-element elementor-element-45d7e09e elementor-widget elementor-widget-text-editor\" data-id=\"45d7e09e\" data-element_type=\"widget\" data-e-type=\"widget\" data-widget_type=\"text-editor.default\">\n\t\t\t\t<div class=\"elementor-widget-container\">\n\t\t\t\t\t\t\t\t\t<p>Approche<\/p>\n\t\t\t\t\t\t\t\t<\/div>\n\t\t\t\t<\/div>\n\t\t\t\t<div class=\"elementor-element elementor-element-113d43d4 elementor-widget elementor-widget-text-editor\" data-id=\"113d43d4\" data-element_type=\"widget\" data-e-type=\"widget\" data-widget_type=\"text-editor.default\">\n\t\t\t\t<div class=\"elementor-widget-container\">\n\t\t\t\t\t\t\t\t\t<p>MIMS rel\u00e8ve ces d\u00e9fis gr\u00e2ce \u00e0 une planification coordonn\u00e9e et \u00e0 long terme. B\u00e9n\u00e9ficiant d&rsquo;un financement ELENA d&rsquo;environ 1,95 million d&rsquo;euros, MIMS travaillera avec une \u00e9quipe d\u00e9di\u00e9e de collaborateurs r\u00e9gionaux et de sp\u00e9cialistes externes afin de pr\u00e9parer et d&rsquo;\u00e9valuer syst\u00e9matiquement un large \u00e9ventail de mesures de mobilit\u00e9 durable en vue de leur mise en \u0153uvre dans la r\u00e9gion de Hanovre. Ce travail comprendra l&rsquo;\u00e9laboration d&rsquo;\u00e9tudes de faisabilit\u00e9, de mod\u00e8les \u00e9conomiques et d&rsquo;analyses r\u00e9glementaires. Bax accompagne ce processus au sein de l&rsquo;\u00e9quipe de mise en \u0153uvre, en coordonnant la gestion des contrats avec la Banque europ\u00e9enne d&rsquo;investissement et en veillant au bon d\u00e9roulement des op\u00e9rations.   <\/p>\n\t\t\t\t\t\t\t\t<\/div>\n\t\t\t\t<\/div>\n\t\t\t\t<\/div>\n\t\t\t\t<\/div>\n\t\t<div class=\"elementor-element elementor-element-790d237d e-con-full e-flex e-con e-child\" data-id=\"790d237d\" data-element_type=\"container\" data-e-type=\"container\">\n\t\t<div class=\"elementor-element elementor-element-662434cf e-con-full e-flex e-con e-child\" data-id=\"662434cf\" data-element_type=\"container\" data-e-type=\"container\">\n\t\t\t\t<div class=\"elementor-element elementor-element-78b93375 elementor-widget elementor-widget-text-editor\" data-id=\"78b93375\" data-element_type=\"widget\" data-e-type=\"widget\" data-widget_type=\"text-editor.default\">\n\t\t\t\t<div class=\"elementor-widget-container\">\n\t\t\t\t\t\t\t\t\t<p>Impact<\/p>\n\t\t\t\t\t\t\t\t<\/div>\n\t\t\t\t<\/div>\n\t\t\t\t<div class=\"elementor-element elementor-element-7b6ca07c elementor-widget elementor-widget-text-editor\" data-id=\"7b6ca07c\" data-element_type=\"widget\" data-e-type=\"widget\" data-widget_type=\"text-editor.default\">\n\t\t\t\t<div class=\"elementor-widget-container\">\n\t\t\t\t\t\t\t\t\t<p>Le projet MIMS permettra de concr\u00e9tiser ses travaux pr\u00e9paratoires en b\u00e9n\u00e9fices substantiels et mesurables pour la r\u00e9gion de Hanovre. Une fois mises en \u0153uvre, les mesures pr\u00e9vues devraient g\u00e9n\u00e9rer des gains environnementaux et infrastructurels significatifs, notamment : <\/p>\n\t\t\t\t\t\t\t\t<\/div>\n\t\t\t\t<\/div>\n\t\t\t\t<\/div>\n\t\t<div class=\"elementor-element elementor-element-37ddf266 e-con-full e-flex e-con e-child\" data-id=\"37ddf266\" data-element_type=\"container\" data-e-type=\"container\">\n\t\t<div class=\"elementor-element elementor-element-36855503 e-con-full e-flex e-con e-child\" data-id=\"36855503\" data-element_type=\"container\" data-e-type=\"container\">\n\t\t\t\t<div class=\"elementor-element elementor-element-38000792 elementor-widget elementor-widget-counter\" data-id=\"38000792\" data-element_type=\"widget\" data-e-type=\"widget\" data-widget_type=\"counter.default\">\n\t\t\t\t<div class=\"elementor-widget-container\">\n\t\t\t\t\t\t\t<div class=\"elementor-counter\">\n\t\t\t<div class=\"elementor-counter-title\">investi dans les infrastructures de mobilit\u00e9 durable<\/div>\t\t\t<div class=\"elementor-counter-number-wrapper\">\n\t\t\t\t<span class=\"elementor-counter-number-prefix\">\u20ac<\/span>\n\t\t\t\t<span class=\"elementor-counter-number\" data-duration=\"2000\" data-to-value=\"33\" data-from-value=\"0\">0<\/span>\n\t\t\t\t<span class=\"elementor-counter-number-suffix\">M+<\/span>\n\t\t\t<\/div>\n\t\t<\/div>\n\t\t\t\t\t\t<\/div>\n\t\t\t\t<\/div>\n\t\t\t\t<\/div>\n\t\t<div class=\"elementor-element elementor-element-5b7db685 e-con-full e-flex e-con e-child\" data-id=\"5b7db685\" data-element_type=\"container\" data-e-type=\"container\">\n\t\t\t\t<div class=\"elementor-element elementor-element-44573cec elementor-widget elementor-widget-counter\" data-id=\"44573cec\" data-element_type=\"widget\" data-e-type=\"widget\" data-widget_type=\"counter.default\">\n\t\t\t\t<div class=\"elementor-widget-container\">\n\t\t\t\t\t\t\t<div class=\"elementor-counter\">\n\t\t\t<div class=\"elementor-counter-title\">des \u00e9missions de gaz \u00e0 effet de serre \u00e9vit\u00e9es par an<\/div>\t\t\t<div class=\"elementor-counter-number-wrapper\">\n\t\t\t\t<span class=\"elementor-counter-number-prefix\"><\/span>\n\t\t\t\t<span class=\"elementor-counter-number\" data-duration=\"2000\" data-to-value=\"15\" data-from-value=\"0\">0<\/span>\n\t\t\t\t<span class=\"elementor-counter-number-suffix\"> tonnes+<\/span>\n\t\t\t<\/div>\n\t\t<\/div>\n\t\t\t\t\t\t<\/div>\n\t\t\t\t<\/div>\n\t\t\t\t<\/div>\n\t\t<div class=\"elementor-element elementor-element-1df37c0f e-con-full e-flex e-con e-child\" data-id=\"1df37c0f\" data-element_type=\"container\" data-e-type=\"container\">\n\t\t\t\t<div class=\"elementor-element elementor-element-bc1366f elementor-widget elementor-widget-counter\" data-id=\"bc1366f\" data-element_type=\"widget\" data-e-type=\"widget\" data-widget_type=\"counter.default\">\n\t\t\t\t<div class=\"elementor-widget-container\">\n\t\t\t\t\t\t\t<div class=\"elementor-counter\">\n\t\t\t<div class=\"elementor-counter-title\">de l'\u00e9nergie \u00e9conomis\u00e9e gr\u00e2ce \u00e0 l'int\u00e9gration de solutions de transport \u00e9conomes en \u00e9nergie<\/div>\t\t\t<div class=\"elementor-counter-number-wrapper\">\n\t\t\t\t<span class=\"elementor-counter-number-prefix\"><\/span>\n\t\t\t\t<span class=\"elementor-counter-number\" data-duration=\"2000\" data-to-value=\"0.5\" data-from-value=\"0\">0<\/span>\n\t\t\t\t<span class=\"elementor-counter-number-suffix\">GWh+<\/span>\n\t\t\t<\/div>\n\t\t<\/div>\n\t\t\t\t\t\t<\/div>\n\t\t\t\t<\/div>\n\t\t\t\t<\/div>\n\t\t\t\t<\/div>\n\t\t\t\t<\/div>\n\t\t\t\t<\/div>\n\t\t<div class=\"elementor-element elementor-element-4faac0ed e-con-full e-flex e-con e-parent\" data-id=\"4faac0ed\" data-element_type=\"container\" data-e-type=\"container\">\n\t\t<div class=\"elementor-element elementor-element-4c1faef4 e-con-full e-flex e-con e-child\" data-id=\"4c1faef4\" data-element_type=\"container\" data-e-type=\"container\" data-settings=\"{&quot;background_background&quot;:&quot;classic&quot;}\">\n\t\t\t\t<div class=\"elementor-element elementor-element-245c7151 elementor-widget__width-initial elementor-widget elementor-widget-text-editor\" data-id=\"245c7151\" data-element_type=\"widget\" data-e-type=\"widget\" data-widget_type=\"text-editor.default\">\n\t\t\t\t<div class=\"elementor-widget-container\">\n\t\t\t\t\t\t\t\t\t<p>L&rsquo;approche int\u00e9gr\u00e9e de la r\u00e9gion de Hanovre en mati\u00e8re de planification de la mobilit\u00e9 multimodale t\u00e9moigne de sa compr\u00e9hension approfondie des conditions n\u00e9cessaires \u00e0 la r\u00e9alisation d&rsquo;un changement modal dans les transports en Allemagne.<\/p>\n<p>Il est impressionnant de constater comment des mod\u00e8les performants tels que le service \u00e0 la demande Sprinti, qui permet aux habitants de Hanovre d&rsquo;acc\u00e9der \u00e0 un service de minibus \u00e0 la demande, peuvent \u00eatre encore perfectionn\u00e9s pour r\u00e9pondre aux divers besoins de mobilit\u00e9 de notre soci\u00e9t\u00e9.<\/p>\n<p>Nous sommes reconnaissants d&rsquo;avoir soutenu cette initiative depuis le d\u00e9but et nous nous r\u00e9jouissons de superviser ses prochaines \u00e9tapes et son succ\u00e8s continu.<\/p>\n\t\t\t\t\t\t\t\t<\/div>\n\t\t\t\t<\/div>\n\t\t\t\t<div class=\"elementor-element elementor-element-47c34913 elementor-widget__width-initial elementor-widget elementor-widget-text-editor\" data-id=\"47c34913\" data-element_type=\"widget\" data-e-type=\"widget\" data-widget_type=\"text-editor.default\">\n\t\t\t\t<div class=\"elementor-widget-container\">\n\t\t\t\t\t\t\t\t\t<p>\u2013 Nicolas Freitag, consultant en innovation chez Bax<\/p>\n\t\t\t\t\t\t\t\t<\/div>\n\t\t\t\t<\/div>\n\t\t\t\t<\/div>\n\t\t\t\t<\/div>\n\t\t\t\t<\/div>\n\t\t","protected":false},"featured_media":20148,"template":"","country":[],"service":[],"topic":[236],"class_list":["post-20176","case","type-case","status-publish","has-post-thumbnail","hentry","topic-mobilite"],"acf":[],"yoast_head":"<!-- This site is optimized with the Yoast SEO plugin v27.5 - https:\/\/yoast.com\/product\/yoast-seo-wordpress\/ -->\n<title>Promouvoir une mobilit\u00e9 multimodale et innovante dans la r\u00e9gion de Hanovre - Bax<\/title>\n<meta name=\"robots\" content=\"index, follow, max-snippet:-1, max-image-preview:large, max-video-preview:-1\" \/>\n<link rel=\"canonical\" href=\"https:\/\/baxcompany.com\/fr\/case\/promouvoir-une-mobilite-multimodale-et-innovante-dans-la-region-de-hanovre\/\" \/>\n<meta property=\"og:locale\" content=\"fr_FR\" \/>\n<meta property=\"og:type\" content=\"article\" \/>\n<meta property=\"og:title\" content=\"Promouvoir une mobilit\u00e9 multimodale et innovante dans la r\u00e9gion de Hanovre - Bax\" \/>\n<meta property=\"og:description\" content=\"Client : R\u00e9gion de Hanovre Date : 2025-2029 Lieu : Hanovre, Allemagne La r\u00e9gion de Hanovre a pour objectif de rendre ses syst\u00e8mes de transport public plus accessibles, durables et attractifs pour ses plus de 1,1 million d&rsquo;habitants. Cette ambition s&rsquo;est concr\u00e9tis\u00e9e dans le plan de d\u00e9veloppement de la mobilit\u00e9 de la r\u00e9gion \u00ab Aktionsplan [&hellip;]\" \/>\n<meta property=\"og:url\" content=\"https:\/\/baxcompany.com\/fr\/case\/promouvoir-une-mobilite-multimodale-et-innovante-dans-la-region-de-hanovre\/\" \/>\n<meta property=\"og:site_name\" content=\"Bax\" \/>\n<meta property=\"article:modified_time\" content=\"2026-01-14T10:21:38+00:00\" \/>\n<meta property=\"og:image\" content=\"https:\/\/baxcompany.com\/wp-content\/uploads\/2026\/01\/iStock-474210124-1024x683.jpg\" \/>\n\t<meta property=\"og:image:width\" content=\"1024\" \/>\n\t<meta property=\"og:image:height\" content=\"683\" \/>\n\t<meta property=\"og:image:type\" content=\"image\/jpeg\" \/>\n<meta name=\"twitter:card\" content=\"summary_large_image\" \/>\n<meta name=\"twitter:label1\" content=\"Dur\u00e9e de lecture estim\u00e9e\" \/>\n\t<meta name=\"twitter:data1\" content=\"3 minutes\" \/>\n<script type=\"application\/ld+json\" class=\"yoast-schema-graph\">{\"@context\":\"https:\\\/\\\/schema.org\",\"@graph\":[{\"@type\":\"WebPage\",\"@id\":\"https:\\\/\\\/baxcompany.com\\\/fr\\\/case\\\/promouvoir-une-mobilite-multimodale-et-innovante-dans-la-region-de-hanovre\\\/\",\"url\":\"https:\\\/\\\/baxcompany.com\\\/fr\\\/case\\\/promouvoir-une-mobilite-multimodale-et-innovante-dans-la-region-de-hanovre\\\/\",\"name\":\"Promouvoir une mobilit\u00e9 multimodale et innovante dans la r\u00e9gion de Hanovre - Bax\",\"isPartOf\":{\"@id\":\"https:\\\/\\\/baxcompany.com\\\/fr\\\/#website\"},\"primaryImageOfPage\":{\"@id\":\"https:\\\/\\\/baxcompany.com\\\/fr\\\/case\\\/promouvoir-une-mobilite-multimodale-et-innovante-dans-la-region-de-hanovre\\\/#primaryimage\"},\"image\":{\"@id\":\"https:\\\/\\\/baxcompany.com\\\/fr\\\/case\\\/promouvoir-une-mobilite-multimodale-et-innovante-dans-la-region-de-hanovre\\\/#primaryimage\"},\"thumbnailUrl\":\"https:\\\/\\\/baxcompany.com\\\/wp-content\\\/uploads\\\/2026\\\/01\\\/iStock-474210124.jpg\",\"datePublished\":\"2026-01-07T17:00:06+00:00\",\"dateModified\":\"2026-01-14T10:21:38+00:00\",\"breadcrumb\":{\"@id\":\"https:\\\/\\\/baxcompany.com\\\/fr\\\/case\\\/promouvoir-une-mobilite-multimodale-et-innovante-dans-la-region-de-hanovre\\\/#breadcrumb\"},\"inLanguage\":\"fr-FR\",\"potentialAction\":[{\"@type\":\"ReadAction\",\"target\":[\"https:\\\/\\\/baxcompany.com\\\/fr\\\/case\\\/promouvoir-une-mobilite-multimodale-et-innovante-dans-la-region-de-hanovre\\\/\"]}]},{\"@type\":\"ImageObject\",\"inLanguage\":\"fr-FR\",\"@id\":\"https:\\\/\\\/baxcompany.com\\\/fr\\\/case\\\/promouvoir-une-mobilite-multimodale-et-innovante-dans-la-region-de-hanovre\\\/#primaryimage\",\"url\":\"https:\\\/\\\/baxcompany.com\\\/wp-content\\\/uploads\\\/2026\\\/01\\\/iStock-474210124.jpg\",\"contentUrl\":\"https:\\\/\\\/baxcompany.com\\\/wp-content\\\/uploads\\\/2026\\\/01\\\/iStock-474210124.jpg\",\"width\":2121,\"height\":1414,\"caption\":\"Beginning of an underground U-Bahn tunnel in Hanover at evening\"},{\"@type\":\"BreadcrumbList\",\"@id\":\"https:\\\/\\\/baxcompany.com\\\/fr\\\/case\\\/promouvoir-une-mobilite-multimodale-et-innovante-dans-la-region-de-hanovre\\\/#breadcrumb\",\"itemListElement\":[{\"@type\":\"ListItem\",\"position\":1,\"name\":\"Home\",\"item\":\"https:\\\/\\\/baxcompany.com\\\/fr\\\/home\\\/\"},{\"@type\":\"ListItem\",\"position\":2,\"name\":\"Promouvoir une mobilit\u00e9 multimodale et innovante dans la r\u00e9gion de Hanovre\"}]},{\"@type\":\"WebSite\",\"@id\":\"https:\\\/\\\/baxcompany.com\\\/fr\\\/#website\",\"url\":\"https:\\\/\\\/baxcompany.com\\\/fr\\\/\",\"name\":\"Bax\",\"description\":\"Innovation consultancy specialising in pilots, funding and collaborations\",\"publisher\":{\"@id\":\"https:\\\/\\\/baxcompany.com\\\/fr\\\/#organization\"},\"potentialAction\":[{\"@type\":\"SearchAction\",\"target\":{\"@type\":\"EntryPoint\",\"urlTemplate\":\"https:\\\/\\\/baxcompany.com\\\/fr\\\/?s={search_term_string}\"},\"query-input\":{\"@type\":\"PropertyValueSpecification\",\"valueRequired\":true,\"valueName\":\"search_term_string\"}}],\"inLanguage\":\"fr-FR\"},{\"@type\":\"Organization\",\"@id\":\"https:\\\/\\\/baxcompany.com\\\/fr\\\/#organization\",\"name\":\"Bax\",\"url\":\"https:\\\/\\\/baxcompany.com\\\/fr\\\/\",\"logo\":{\"@type\":\"ImageObject\",\"inLanguage\":\"fr-FR\",\"@id\":\"https:\\\/\\\/baxcompany.com\\\/fr\\\/#\\\/schema\\\/logo\\\/image\\\/\",\"url\":\"https:\\\/\\\/baxcompany.com\\\/wp-content\\\/uploads\\\/2024\\\/05\\\/cropped-Bax-favicon.png\",\"contentUrl\":\"https:\\\/\\\/baxcompany.com\\\/wp-content\\\/uploads\\\/2024\\\/05\\\/cropped-Bax-favicon.png\",\"width\":512,\"height\":512,\"caption\":\"Bax\"},\"image\":{\"@id\":\"https:\\\/\\\/baxcompany.com\\\/fr\\\/#\\\/schema\\\/logo\\\/image\\\/\"}}]}<\/script>\n<!-- \/ Yoast SEO plugin. -->","yoast_head_json":{"title":"Promouvoir une mobilit\u00e9 multimodale et innovante dans la r\u00e9gion de Hanovre - Bax","robots":{"index":"index","follow":"follow","max-snippet":"max-snippet:-1","max-image-preview":"max-image-preview:large","max-video-preview":"max-video-preview:-1"},"canonical":"https:\/\/baxcompany.com\/fr\/case\/promouvoir-une-mobilite-multimodale-et-innovante-dans-la-region-de-hanovre\/","og_locale":"fr_FR","og_type":"article","og_title":"Promouvoir une mobilit\u00e9 multimodale et innovante dans la r\u00e9gion de Hanovre - Bax","og_description":"Client : R\u00e9gion de Hanovre Date : 2025-2029 Lieu : Hanovre, Allemagne La r\u00e9gion de Hanovre a pour objectif de rendre ses syst\u00e8mes de transport public plus accessibles, durables et attractifs pour ses plus de 1,1 million d&rsquo;habitants. Cette ambition s&rsquo;est concr\u00e9tis\u00e9e dans le plan de d\u00e9veloppement de la mobilit\u00e9 de la r\u00e9gion \u00ab Aktionsplan [&hellip;]","og_url":"https:\/\/baxcompany.com\/fr\/case\/promouvoir-une-mobilite-multimodale-et-innovante-dans-la-region-de-hanovre\/","og_site_name":"Bax","article_modified_time":"2026-01-14T10:21:38+00:00","og_image":[{"width":1024,"height":683,"url":"https:\/\/baxcompany.com\/wp-content\/uploads\/2026\/01\/iStock-474210124-1024x683.jpg","type":"image\/jpeg"}],"twitter_card":"summary_large_image","twitter_misc":{"Dur\u00e9e de lecture estim\u00e9e":"3 minutes"},"schema":{"@context":"https:\/\/schema.org","@graph":[{"@type":"WebPage","@id":"https:\/\/baxcompany.com\/fr\/case\/promouvoir-une-mobilite-multimodale-et-innovante-dans-la-region-de-hanovre\/","url":"https:\/\/baxcompany.com\/fr\/case\/promouvoir-une-mobilite-multimodale-et-innovante-dans-la-region-de-hanovre\/","name":"Promouvoir une mobilit\u00e9 multimodale et innovante dans la r\u00e9gion de Hanovre - Bax","isPartOf":{"@id":"https:\/\/baxcompany.com\/fr\/#website"},"primaryImageOfPage":{"@id":"https:\/\/baxcompany.com\/fr\/case\/promouvoir-une-mobilite-multimodale-et-innovante-dans-la-region-de-hanovre\/#primaryimage"},"image":{"@id":"https:\/\/baxcompany.com\/fr\/case\/promouvoir-une-mobilite-multimodale-et-innovante-dans-la-region-de-hanovre\/#primaryimage"},"thumbnailUrl":"https:\/\/baxcompany.com\/wp-content\/uploads\/2026\/01\/iStock-474210124.jpg","datePublished":"2026-01-07T17:00:06+00:00","dateModified":"2026-01-14T10:21:38+00:00","breadcrumb":{"@id":"https:\/\/baxcompany.com\/fr\/case\/promouvoir-une-mobilite-multimodale-et-innovante-dans-la-region-de-hanovre\/#breadcrumb"},"inLanguage":"fr-FR","potentialAction":[{"@type":"ReadAction","target":["https:\/\/baxcompany.com\/fr\/case\/promouvoir-une-mobilite-multimodale-et-innovante-dans-la-region-de-hanovre\/"]}]},{"@type":"ImageObject","inLanguage":"fr-FR","@id":"https:\/\/baxcompany.com\/fr\/case\/promouvoir-une-mobilite-multimodale-et-innovante-dans-la-region-de-hanovre\/#primaryimage","url":"https:\/\/baxcompany.com\/wp-content\/uploads\/2026\/01\/iStock-474210124.jpg","contentUrl":"https:\/\/baxcompany.com\/wp-content\/uploads\/2026\/01\/iStock-474210124.jpg","width":2121,"height":1414,"caption":"Beginning of an underground U-Bahn tunnel in Hanover at evening"},{"@type":"BreadcrumbList","@id":"https:\/\/baxcompany.com\/fr\/case\/promouvoir-une-mobilite-multimodale-et-innovante-dans-la-region-de-hanovre\/#breadcrumb","itemListElement":[{"@type":"ListItem","position":1,"name":"Home","item":"https:\/\/baxcompany.com\/fr\/home\/"},{"@type":"ListItem","position":2,"name":"Promouvoir une mobilit\u00e9 multimodale et innovante dans la r\u00e9gion de Hanovre"}]},{"@type":"WebSite","@id":"https:\/\/baxcompany.com\/fr\/#website","url":"https:\/\/baxcompany.com\/fr\/","name":"Bax","description":"Innovation consultancy specialising in pilots, funding and collaborations","publisher":{"@id":"https:\/\/baxcompany.com\/fr\/#organization"},"potentialAction":[{"@type":"SearchAction","target":{"@type":"EntryPoint","urlTemplate":"https:\/\/baxcompany.com\/fr\/?s={search_term_string}"},"query-input":{"@type":"PropertyValueSpecification","valueRequired":true,"valueName":"search_term_string"}}],"inLanguage":"fr-FR"},{"@type":"Organization","@id":"https:\/\/baxcompany.com\/fr\/#organization","name":"Bax","url":"https:\/\/baxcompany.com\/fr\/","logo":{"@type":"ImageObject","inLanguage":"fr-FR","@id":"https:\/\/baxcompany.com\/fr\/#\/schema\/logo\/image\/","url":"https:\/\/baxcompany.com\/wp-content\/uploads\/2024\/05\/cropped-Bax-favicon.png","contentUrl":"https:\/\/baxcompany.com\/wp-content\/uploads\/2024\/05\/cropped-Bax-favicon.png","width":512,"height":512,"caption":"Bax"},"image":{"@id":"https:\/\/baxcompany.com\/fr\/#\/schema\/logo\/image\/"}}]}},"jetpack_sharing_enabled":true,"_links":{"self":[{"href":"https:\/\/baxcompany.com\/fr\/wp-json\/wp\/v2\/case\/20176","targetHints":{"allow":["GET"]}}],"collection":[{"href":"https:\/\/baxcompany.com\/fr\/wp-json\/wp\/v2\/case"}],"about":[{"href":"https:\/\/baxcompany.com\/fr\/wp-json\/wp\/v2\/types\/case"}],"version-history":[{"count":1,"href":"https:\/\/baxcompany.com\/fr\/wp-json\/wp\/v2\/case\/20176\/revisions"}],"predecessor-version":[{"id":20177,"href":"https:\/\/baxcompany.com\/fr\/wp-json\/wp\/v2\/case\/20176\/revisions\/20177"}],"wp:featuredmedia":[{"embeddable":true,"href":"https:\/\/baxcompany.com\/fr\/wp-json\/wp\/v2\/media\/20148"}],"wp:attachment":[{"href":"https:\/\/baxcompany.com\/fr\/wp-json\/wp\/v2\/media?parent=20176"}],"wp:term":[{"taxonomy":"country","embeddable":true,"href":"https:\/\/baxcompany.com\/fr\/wp-json\/wp\/v2\/country?post=20176"},{"taxonomy":"service","embeddable":true,"href":"https:\/\/baxcompany.com\/fr\/wp-json\/wp\/v2\/service?post=20176"},{"taxonomy":"topic","embeddable":true,"href":"https:\/\/baxcompany.com\/fr\/wp-json\/wp\/v2\/topic?post=20176"}],"curies":[{"name":"wp","href":"https:\/\/api.w.org\/{rel}","templated":true}]}}